{"id":452,"date":"2023-02-21T11:48:59","date_gmt":"2023-02-21T11:48:59","guid":{"rendered":"https:\/\/krv1897.de\/?page_id=452"},"modified":"2024-10-27T15:16:11","modified_gmt":"2024-10-27T15:16:11","slug":"impressum","status":"publish","type":"page","link":"https:\/\/krv1897.de\/?page_id=452","title":{"rendered":"Impressum"},"content":{"rendered":"\n<figure class=\"wp-block-image alignfull size-large\"><img loading=\"lazy\" decoding=\"async\" width=\"1024\" height=\"640\" src=\"https:\/\/krv1897.de\/wp-content\/uploads\/2023\/02\/Impressum-1024x640.jpg\" alt=\"\" class=\"wp-image-453\" srcset=\"https:\/\/krv1897.de\/wp-content\/uploads\/2023\/02\/Impressum-1024x640.jpg 1024w, https:\/\/krv1897.de\/wp-content\/uploads\/2023\/02\/Impressum-300x188.jpg 300w, https:\/\/krv1897.de\/wp-content\/uploads\/2023\/02\/Impressum-768x480.jpg 768w, https:\/\/krv1897.de\/wp-content\/uploads\/2023\/02\/Impressum.jpg 1200w\" sizes=\"auto, (max-width: 1024px) 100vw, 1024px\" \/><\/figure>\n\n\n\n<h3 class=\"wp-block-heading has-text-align-center has-vivid-cyan-blue-color has-text-color\">Impressum<\/h3>\n\n\n\n<div class=\"wp-block-group alignwide has-global-padding is-layout-constrained wp-block-group-is-layout-constrained\">\n<p class=\"has-text-align-left has-small-font-size\">Angaben gem\u00e4\u00df \u00a7 5 TMG:<br><br><strong>Kitzinger Ruderverein von 1897 e.V.<\/strong><br>Vertretungsberechtigter Vorstand:<br>Dieter von der Kall (Vorsitzender)<br><br>Mainstockheimer Str. 2<br>97318 Kitzingen<br>Tel.: 09321-4504<br>e-Mail: <a href=\"mailto:info@krv97.de\"><mark style=\"background-color:rgba(0, 0, 0, 0)\" class=\"has-inline-color has-vivid-cyan-blue-color\">info@krv97.de<\/mark><\/a> <br>Internet:\u00a0<a href=\"http:\/\/www.krv1897.de\"><mark style=\"background-color:rgba(0, 0, 0, 0)\" class=\"has-inline-color has-vivid-cyan-blue-color\">www.krv1897.de<\/mark><\/a>\u00a0und\u00a0<a href=\"http:\/\/www.krv97.de\/\"><mark style=\"background-color:rgba(0, 0, 0, 0)\" class=\"has-inline-color has-vivid-cyan-blue-color\">www.krv97.de<\/mark><\/a><br><br>Vereinsnummer:\u00a020103 (Vereinsregister beim Amtsgericht W\u00fcrzburg)<br><br><strong>Rechtliche Hinweise:\u00a0<\/strong><br>Die Informationen auf diesen Webseiten werden gepr\u00fcft und aktualisiert. Trotz aller Sorgfalt k\u00f6nnen Informationen jedoch fehlerhaft sein oder Daten sich zwischenzeitlich ver\u00e4ndert haben. Eine Haftung oder Garantie f\u00fcr die Aktualit\u00e4t, Richtigkeit und Vollst\u00e4ndigkeit der zur Verf\u00fcgung gestellten Informationen kann daher nicht \u00fcbernommen werden.<br><br><strong>Haftungsausschluss:\u00a0<\/strong><br>Auf unseren Seiten finden Sie Links zu anderen, externen Internetseiten, auf deren Gestaltung und Inhalte wir keinerlei Einfluss haben.<br>Wir \u00fcbernehmen daher keinerlei Verantwortung oder Haftung f\u00fcr Inhalt und Gestaltung dieser Seiten. F\u00fcr den Inhalt der verlinkten Seiten sind ausschlie\u00dflich deren Betreiber verantwortlich. Die verlinkten Seiten wurden zum Zeitpunkt der Verlinkung auf m\u00f6gliche Rechtsverst\u00f6\u00dfe \u00fcberpr\u00fcft. Rechtswidrige Inhalte waren zum Zeitpunkt der Verlinkung nicht erkennbar. Bei Bekanntwerden von Rechtsverletzungen werden wir derartige Links umgehend entfernen.<br><br><strong>Urheberrecht:\u00a0<\/strong><br>Die durch uns erstellten Inhalte und Werke auf diesen Seiten unterliegen dem deutschen Urheberrecht. Die Vervielf\u00e4ltigung, Bearbeitung, Verbreitung und jede Art der Verwertung au\u00dferhalb der Grenzen des Urheberrechtes bed\u00fcrfen der schriftlichen Zustimmung des Erstellers. Downloads und Kopien dieser Seite sind nur f\u00fcr den privaten, nicht kommerziellen Gebrauch gestattet. Soweit die Inhalte auf dieser Seite nicht vom Betreiber erstellt wurden, werden die Urheberrechte Dritter beachtet. Insbesondere werden Inhalte Dritter als solche gekennzeichnet. Sollten Sie trotzdem auf eine Urheberrechtsverletzung aufmerksam werden, bitten wir um einen entsprechenden Hinweis. Bei Bekanntwerden von Rechtsverletzungen werden wir derartige Inhalte umgehend entfernen.<br><br>Der Nutzung von im Rahmen der Impressumspflicht ver\u00f6ffentlichten Kontaktdaten durch Dritte zur \u00dcbersendung von nicht ausdr\u00fccklich angeforderter Werbung und Informationsmaterialien wird hiermit ausdr\u00fccklich widersprochen.<br><br><strong>Redaktion:<\/strong>\u00a0Tobias V\u00f6lker, Daniel Nagl<br><strong>web design &amp; Realisierung:<\/strong>\u00a0Daniel Nagl <br><strong>Hosting:<\/strong> Daniel Koppe<\/p>\n<\/div>\n\n\n\n<div style=\"height:100px\" aria-hidden=\"true\" class=\"wp-block-spacer\"><\/div>\n\n\n\n<h3 class=\"wp-block-heading has-text-align-center\"><mark style=\"background-color:rgba(0, 0, 0, 0)\" class=\"has-inline-color has-vivid-cyan-blue-color\">Datenschutzerkl\u00e4rung<\/mark><\/h3>\n\n\n\n<div class=\"wp-block-group has-global-padding is-layout-constrained wp-block-group-is-layout-constrained\">\n<p class=\"has-text-align-left has-small-font-size\"><strong>nach DSGVO<\/strong> <br><br>Die Nutzung unserer Website ist ohne Angabe von personenbezogenen Daten m\u00f6glich. F\u00fcr die Nutzung einzelner Services unserer Website k\u00f6nnen sich hierf\u00fcr abweichende Regelungen ergeben, die in diesem Falle nachstehend gesondert erl\u00e4utert werden.  Soweit auf unseren Seiten personenbezogene Daten (z.B. Name, Anschrift, E-Mail, Telefonnummer, u.\u00e4.) erhoben werden, erfolgt dies, soweit m\u00f6glich, stets auf freiwilliger Basis. <br><br>Diese Daten werden von uns vertraulich und nur gem\u00e4\u00df den Bestimmungen des deutschen Datenschutzrechts behandelt und ohne Ihre ausdr\u00fcckliche Zustimmung nicht an Dritte weitergegeben. Daten sind dann personenbezogen, wenn sie eindeutig einer bestimmten nat\u00fcrlichen Person zugeordnet werden k\u00f6nnen. Die rechtlichen Grundlagen des Datenschutzes finden Sie aktuell im Bundesdatenschutzgesetz (BDSG) und dem Telemediengesetz (TMG). Nachstehende Regelungen informieren Sie insoweit \u00fcber Art, Umfang und Zweck der Erhebung, die Nutzung und die Verarbeitung von personenbezogenen Daten. Wir weisen darauf hin, dass die internetbasierte Daten\u00fcbertragung Sicherheitsl\u00fccken aufweist, ein l\u00fcckenloser Schutz vor Zugriffen durch Dritte somit unm\u00f6glich ist.<\/p>\n<\/div>\n\n\n\n<div class=\"wp-block-group has-global-padding is-layout-constrained wp-block-group-is-layout-constrained\">\n<p class=\"has-text-align-left has-small-font-size\"><strong>Cookies:&nbsp;<\/strong>Unsere Website verwendet teilweise so genannte Cookies zum Wiedererkennen mehrfacher Nutzung unseres Angebots durch denselben Nutzer\/Internetanschlussinhaber.  Cookies sind kleine Textdateien, die Ihr Internet-Browser auf Ihrem Rechner ablegt und speichert. Sie dienen dazu, unser Angebot nutzerfreundlicher, effektiver und sicherer zu machen. Die meisten der von uns verwendeten Cookies sind so genannte \u201eSession-Cookies\u201c. Sie werden nach Ende Ihres Besuchs automatisch gel\u00f6scht. Andere Cookies bleiben auf Ihrem Endger\u00e4t gespeichert, bis Sie diese l\u00f6schen. Diese Cookies geben Informationen ab (IP-Adresse) und erm\u00f6glichen es uns so, Ihren Browser beim n\u00e4chsten Besuch wiederzuerkennen und Ihnen einen leichteren Zugang auf unsere Website zu erm\u00f6glichen. Sie k\u00f6nnen Ihren Browser so einstellen, dass Sie \u00fcber das Setzen von Cookies informiert werden und Cookies nur im Einzelfall erlauben, die Annahme von Cookies f\u00fcr bestimmte F\u00e4lle oder generell ausschlie\u00dfen sowie das automatische L\u00f6schen der Cookies beim Schlie\u00dfen des Browser aktivieren.  Bei der Deaktivierung von Cookies kann die Funktionalit\u00e4t dieser Website eingeschr\u00e4nkt sein.<\/p>\n<\/div>\n\n\n\n<div class=\"wp-block-group has-global-padding is-layout-constrained wp-block-group-is-layout-constrained\">\n<p class=\"has-text-align-left has-small-font-size\"><strong>Serverdaten:&nbsp;<\/strong>Unser Webspace-Provider erhebt und speichert aus technischen Gr\u00fcnden automatisch Informationen in sogenannten Server Log Files, die Ihr Browser automatisch an uns \u00fcbermittelt, wie z.B.: &#8211; Browsertyp und -version | &#8211; verwendetes Betriebssystem | &#8211; Website, von der aus Sie uns besuchen (Referrer URL) | &#8211; Website, die Sie besuchen | &#8211; Datum und Uhrzeit Ihres Zugriffs | &#8211; \u00fcbertragene Datenmenge | &#8211; Hostname des zugreifenden Rechners (Ihre Internet Protokoll (IP)-Adresse). Diese anonymen Daten werden getrennt von Ihren eventuell angegebenen personenbezogenen Daten gespeichert und lassen so keine R\u00fcckschl\u00fcsse auf eine bestimmte Person zu. Eine Zusammenf\u00fchrung dieser Daten mit anderen Datenquellen wird nicht vorgenommen. Sie werden gegebenenfalls zu statistischen Zwecken ausgewertet, um unseren Internetauftritt und unsere Angebote optimieren zu k\u00f6nnen. Die Rechtsgrundlage f\u00fcr diese Datenverarbeitung ist Art. 6 Abs. 1 S. 1 lit. f DSGVO. Wir behalten uns vor, diese Daten nachtr\u00e4glich zu pr\u00fcfen, wenn uns konkrete Anhaltspunkte f\u00fcr eine rechtswidrige Nutzung bekannt werden.<\/p>\n<\/div>\n\n\n\n<div class=\"wp-block-group has-global-padding is-layout-constrained wp-block-group-is-layout-constrained\">\n<p class=\"has-text-align-left has-small-font-size\"><strong>Kontaktm\u00f6glichkeit:&nbsp;<\/strong>Wir bieten Ihnen auf unserer Website die M\u00f6glichkeit, mit uns per E-Mail in Verbindung zu treten. In diesem Fall werden die vom Nutzer gemachten Angaben inklusive der dort angegebenen Kontaktdaten zum Zwecke der Bearbeitung seiner Kontaktaufnahme und f\u00fcr den Fall von Anschlussfragen bei uns gespeichert. Die Datenverarbeitung zum Zwecke der Kontaktaufnahme mit uns erfolgt nach Art. 6 Abs. 1 S. 1 lit. a DSGVO auf Grundlage Ihrer freiwillig erteilten Einwilligung. Ihre Daten werden nach abschlie\u00dfender Bearbeitung Ihrer Anfrage gel\u00f6scht, sofern Sie dies w\u00fcnschen und der L\u00f6schung keine gesetzlichen Aufbewahrungspflichten entgegenstehen. Eine Weitergabe an Dritte erfolgt nicht ohne ausdr\u00fcckliche Einwilligung des Nutzers. Ein Abgleich der so erhobenen Daten mit Daten, die m\u00f6glicherweise durch andere Komponenten unserer Website erhoben werden, erfolgt ebenfalls nicht.<\/p>\n<\/div>\n\n\n\n<div class=\"wp-block-group has-global-padding is-layout-constrained wp-block-group-is-layout-constrained\">\n<p class=\"has-text-align-left has-small-font-size\"><strong>Einsatz von Google-Maps:&nbsp;<\/strong>Wir setzen auf unserer Website die Komponente &#8222;Google Maps&#8220; der Firma Google Inc., 1600 Amphitheatre Parkway, Mountain View, CA 94043, USA, nachfolgend \u201eGoogle\u201c, ein. Bei jedem einzelnen Aufruf der Komponente &#8222;Google Maps&#8220; wird von Google ein Cookie gesetzt, um bei der Anzeige der Seite, auf der die Komponente &#8222;Google Maps&#8220; integriert ist, Nutzereinstellungen und -daten zu verarbeiten. Dieses Cookie wird im Regelfall nicht durch das Schlie\u00dfen des Browsers gel\u00f6scht, sondern l\u00e4uft nach einer bestimmten Zeit ab, soweit es nicht von Ihnen zuvor manuell gel\u00f6scht wird. Wenn Sie mit dieser Verarbeitung Ihrer Daten nicht einverstanden sind, so besteht die M\u00f6glichkeit, den Service von &#8222;Google Maps&#8220; zu deaktivieren und auf diesem Weg die \u00dcbertragung von Daten an Google zu verhindern. Dazu m\u00fcssen Sie die Java-Script-Funktion in Ihrem Browser deaktivieren. Wir weisen Sie jedoch darauf hin, dass Sie in diesem Fall &#8222;Google Maps&#8220; nicht oder nur eingeschr\u00e4nkt nutzen k\u00f6nnen. Die Nutzung von &#8222;Google Maps&#8220; und der \u00fcber &#8222;Google Maps&#8220; erlangten Informationen erfolgt gem\u00e4\u00df den Google-Nutzungsbedingungen <a href=\"http:\/\/www.google.de\/intl\/de\/policies\/terms\/regional.html\">http:\/\/www.google.de\/intl\/de\/policies\/terms\/regional.html<\/a>&nbsp;sowie der zus\u00e4tzlichen Gesch\u00e4ftsbedingungen f\u00fcr \u201eGoogle Maps\u201c:&nbsp;<a href=\"https:\/\/www.google.com\/intl\/de_de\/help\/terms_maps.html\">https:\/\/www.google.com\/intl\/de_de\/help\/terms_maps.html<\/a>.<\/p>\n<\/div>\n\n\n\n<div class=\"wp-block-group has-global-padding is-layout-constrained wp-block-group-is-layout-constrained\">\n<p class=\"has-text-align-left has-small-font-size\"><strong>Recht auf Auskunft, Sperrung, Widerruf, L\u00f6schung:&nbsp;<\/strong>Sie k\u00f6nnen sich aufgrund des Bundesdatenschutzgesetzes bei Fragen zur Erhebung, Verarbeitung oder Nutzung Ihrer personenbezogenen Daten jederzeit unter der im Impressum angegebenen Adresse an uns wenden. Sie haben jederzeit das Recht auf Widerruf einer erteilten Einwilligung oder auf unentgeltliche Berichtigung, Sperrung oder L\u00f6schung personenbezogener Daten, sollte diesem Anspruch keine gesetzliche Aufbewahrungspflicht entgegenstehen.<\/p>\n<\/div>\n\n\n\n<div class=\"wp-block-group has-global-padding is-layout-constrained wp-block-group-is-layout-constrained\">\n<p class=\"has-text-align-left has-small-font-size\"><strong>Links zu anderen Websites:&nbsp;<\/strong>Unsere Website enth\u00e4lt Links zu anderen Websites. Wir haben keinen Einfluss darauf, dass deren Betreiber die Datenschutz-Bestimmungen einhalten.<\/p>\n<\/div>\n\n\n\n<div class=\"wp-block-group has-global-padding is-layout-constrained wp-block-group-is-layout-constrained\">\n<p class=\"has-text-align-left has-small-font-size\"><strong>Widerspruch Werbe-Mails:&nbsp;<\/strong>Der Nutzung von im Rahmen der Impressumspflicht ver\u00f6ffentlichten Kontaktdaten zur \u00dcbersendung von nicht ausdr\u00fccklich angeforderter Werbung und Informationsmaterialien wird hiermit widersprochen. Die Betreiber dieser Website behalten sich ausdr\u00fccklich rechtliche Schritte im Falle der unverlangten Zusendung von Werbeinformationen, etwa durch Spam-E-Mails, vor. <br><br><strong>Quellen:&nbsp;<\/strong>Muster-Datenschutzerkl\u00e4rungen der Anwaltskanzlei Wei\u00df &amp; Partner (<a rel=\"noreferrer noopener\" href=\"http:\/\/www.ratgeberrecht.eu\/\" target=\"_blank\">www.ratgeberrecht.eu<\/a>) <br>sowie von eRecht24.de (<a rel=\"noreferrer noopener\" href=\"http:\/\/www.e-recht24.de\/\" target=\"_blank\"><mark style=\"background-color:rgba(0, 0, 0, 0)\" class=\"has-inline-color has-vivid-cyan-blue-color\">www.e-recht24.de<\/mark><\/a>)<\/p>\n<\/div>\n\n\n\n<div style=\"height:100px\" aria-hidden=\"true\" class=\"wp-block-spacer\"><\/div>\n","protected":false},"excerpt":{"rendered":"<p>Impressum Angaben gem\u00e4\u00df \u00a7 5 TMG: Kitzinger Ruderverein von 1897 e.V.Vertretungsberechtigter Vorstand:Dieter von der Kall (Vorsitzender) Mainstockheimer Str. 297318 KitzingenTel.: 09321-4504e-Mail: info@krv97.de Internet:\u00a0www.krv1897.de\u00a0und\u00a0www.krv97.de Vereinsnummer:\u00a020103 (Vereinsregister beim Amtsgericht W\u00fcrzburg) Rechtliche Hinweise:\u00a0Die &hellip; <\/p>\n<p class=\"link-more\"><a href=\"https:\/\/krv1897.de\/?page_id=452\" class=\"more-link\">Mehr <span class=\"screen-reader-text\">\u00fcber &#8222;Impressum&#8220; <\/span>Lesen<\/a><\/p>\n","protected":false},"author":1,"featured_media":0,"parent":0,"menu_order":0,"comment_status":"closed","ping_status":"closed","template":"page-templates\/full-width-transparent.php","meta":{"give_campaign_id":0,"_EventAllDay":false,"_EventTimezone":"","_EventStartDate":"","_EventEndDate":"","_EventStartDateUTC":"","_EventEndDateUTC":"","_EventShowMap":false,"_EventShowMapLink":false,"_EventURL":"","_EventCost":"","_EventCostDescription":"","_EventCurrencySymbol":"","_EventCurrencyCode":"","_EventCurrencyPosition":"","_EventDateTimeSeparator":"","_EventTimeRangeSeparator":"","_EventOrganizerID":[],"_EventVenueID":[],"_OrganizerEmail":"","_OrganizerPhone":"","_OrganizerWebsite":"","_VenueAddress":"","_VenueCity":"","_VenueCountry":"","_VenueProvince":"","_VenueState":"","_VenueZip":"","_VenuePhone":"","_VenueURL":"","_VenueStateProvince":"","_VenueLat":"","_VenueLng":"","_VenueShowMap":false,"_VenueShowMapLink":false,"inspiro_hide_title":false,"footnotes":""},"class_list":["post-452","page","type-page","status-publish","hentry"],"campaignId":"","_links":{"self":[{"href":"https:\/\/krv1897.de\/index.php?rest_route=\/wp\/v2\/pages\/452","targetHints":{"allow":["GET"]}}],"collection":[{"href":"https:\/\/krv1897.de\/index.php?rest_route=\/wp\/v2\/pages"}],"about":[{"href":"https:\/\/krv1897.de\/index.php?rest_route=\/wp\/v2\/types\/page"}],"author":[{"embeddable":true,"href":"https:\/\/krv1897.de\/index.php?rest_route=\/wp\/v2\/users\/1"}],"replies":[{"embeddable":true,"href":"https:\/\/krv1897.de\/index.php?rest_route=%2Fwp%2Fv2%2Fcomments&post=452"}],"version-history":[{"count":24,"href":"https:\/\/krv1897.de\/index.php?rest_route=\/wp\/v2\/pages\/452\/revisions"}],"predecessor-version":[{"id":1588,"href":"https:\/\/krv1897.de\/index.php?rest_route=\/wp\/v2\/pages\/452\/revisions\/1588"}],"wp:attachment":[{"href":"https:\/\/krv1897.de\/index.php?rest_route=%2Fwp%2Fv2%2Fmedia&parent=452"}],"curies":[{"name":"wp","href":"https:\/\/api.w.org\/{rel}","templated":true}]}}