{"id":65,"date":"2023-02-19T21:40:57","date_gmt":"2023-02-19T21:40:57","guid":{"rendered":"https:\/\/krv1897.de\/?page_id=65"},"modified":"2025-04-15T10:55:45","modified_gmt":"2025-04-15T10:55:45","slug":"liebe-freunde-des-krv","status":"publish","type":"page","link":"https:\/\/krv1897.de\/","title":{"rendered":"Liebe Freunde des KRV"},"content":{"rendered":"\n<h3 class=\"wp-block-heading has-text-align-center has-black-color has-text-color\">Wettervorhersage und Pegelst\u00e4nde<\/h3>\n\n\n\n<div class=\"wp-block-columns are-vertically-aligned-top is-layout-flex wp-container-core-columns-is-layout-28f84493 wp-block-columns-is-layout-flex\">\n<div class=\"wp-block-column is-vertically-aligned-top is-layout-flow wp-block-column-is-layout-flow\" style=\"flex-basis:100%\">\n<div class=\"wp-block-group has-global-padding is-layout-constrained wp-block-group-is-layout-constrained\">\n<div class=\"wp-block-columns has-small-font-size is-layout-flex wp-container-core-columns-is-layout-28f84493 wp-block-columns-is-layout-flex\">\n<div class=\"wp-block-column is-vertically-aligned-center is-layout-flow wp-block-column-is-layout-flow\" style=\"flex-basis:100%\">\n<div class=\"wp-block-group is-content-justification-center is-nowrap is-layout-flex wp-container-core-group-is-layout-23441af8 wp-block-group-is-layout-flex\">\n<div class=\"wp-block-group has-global-padding is-layout-constrained wp-block-group-is-layout-constrained\">\n<div class=\"wp-block-columns is-layout-flex wp-container-core-columns-is-layout-28f84493 wp-block-columns-is-layout-flex\">\n<div class=\"wp-block-column is-layout-flow wp-block-column-is-layout-flow\">\n<figure class=\"wp-block-image size-full is-style-rounded\"><a href=\"https:\/\/www.wetteronline.de\/regenradar\/kitzingen\" target=\"_blank\" rel=\"noreferrer noopener\"><img loading=\"lazy\" decoding=\"async\" width=\"125\" height=\"125\" src=\"https:\/\/krv1897.de\/wp-content\/uploads\/2023\/02\/regen-klein.png\" alt=\"\" class=\"wp-image-310\"\/><\/a><\/figure>\n<\/div>\n\n\n\n<div class=\"wp-block-column is-layout-flow wp-block-column-is-layout-flow\">\n<figure class=\"wp-block-image size-full is-style-rounded\"><a href=\"https:\/\/www.hnd.bayern.de\/pegel\/unterer_main\/schweinfurt-neuer-hafen-24022003\" target=\"_blank\" rel=\"noreferrer noopener\"><img loading=\"lazy\" decoding=\"async\" width=\"125\" height=\"125\" src=\"https:\/\/krv1897.de\/wp-content\/uploads\/2023\/02\/wasserstand-klein-2.png\" alt=\"\" class=\"wp-image-320\"\/><\/a><\/figure>\n<\/div>\n\n\n\n<div class=\"wp-block-column is-layout-flow wp-block-column-is-layout-flow\">\n<figure class=\"wp-block-image size-full is-style-rounded\"><a href=\"https:\/\/www.gkd.bayern.de\/de\/fluesse\/wassertemperatur\/main_unten\/schweinfurt-24022003\/messwerte\/tabelle\" target=\"_blank\" rel=\"noreferrer noopener\"><img loading=\"lazy\" decoding=\"async\" width=\"125\" height=\"125\" src=\"https:\/\/krv1897.de\/wp-content\/uploads\/2023\/02\/wassertemperatur-klein-2.png\" alt=\"\" class=\"wp-image-321\"\/><\/a><\/figure>\n<\/div>\n<\/div>\n<\/div>\n<\/div>\n<\/div>\n<\/div>\n<\/div>\n<\/div>\n<\/div>\n\n\n\n<h3 class=\"wp-block-heading has-text-align-center\"><mark style=\"background-color:rgba(0, 0, 0, 0)\" class=\"has-inline-color has-black-color\">Liebe Freunde des Kitzinger Rudervereins von 1897,<\/mark><\/h3>\n\n\n\n<div class=\"wp-block-group is-content-justification-center is-nowrap is-layout-flex wp-container-core-group-is-layout-23441af8 wp-block-group-is-layout-flex\">\n<p class=\"has-text-align-center has-small-font-size\">am 28. Mai 1897 begr\u00fcndeten sechs Rudersport-Enthusiasten in Kitzingen eine schon \u00fcber 125 Jahre fortdauernde Erfolgsgeschichte: <br>den Kitzinger Ruderverein von 1897 e.V. mit heute rund 200 Mitgliedern. <br> <br>Seit den ersten Siegen 1901 konnten KRV-Ruderer \u00fcber 1.000 Siege nach Kitzingen holen. <br>Leistungsrudern hat also eine Tradition im KRV; unterstrichen u.a. durch die Deutsche Meisterschaft im Einer Waldemar Becks (1950) oder die U23-Weltmeisterschaft im Leichtgewichtsdoppelvierer Lena Biebers 2009. <br><br>Heute ist der KRV, in r\u00e4umlicher N\u00e4he zu Leistungszentren, jedoch bewusst auch Gesundheitssportverein. <br>Ruderkameraden erleben die Faszination Rudern und erlernen unseren Sport von Grund auf; <br>egal ob sie mit 12, 32 oder 52 Jahren den Weg auf&#8217;s Wasser finden. Allen Trainern\/Betreuern mein herzlicher Dank. <br><br>Im Jugend- und Mastersbereich nach Kitzingen geholte Siege sind f\u00fcr uns ebenso erfreulich, <br>wie KRV&#8217;ler mit \u00fcber 80 Jahren in gelebter Kameradschaft und mitunter generationen-\u00fcbergreifend mehrmals pro Woche auf Wasser zu sehen. <br><br>F\u00fcr das Interesse am Verein danke ich herzlich. Vielleicht bis bald auf dem Main?<\/p>\n<\/div>\n\n\n\n<p><\/p>\n\n\n\n<div class=\"wp-block-group is-content-justification-center is-nowrap is-layout-flex wp-container-core-group-is-layout-23441af8 wp-block-group-is-layout-flex\">\n<p class=\"has-text-align-center has-small-font-size\"><strong>Dieter von der Kall<\/strong><br>Vorstand Kitzinger Ruderverein von 1897 e.V.<\/p>\n<\/div>\n\n\n\n<p><\/p>\n\n\n\n<h3 class=\"wp-block-heading has-text-align-center has-black-color has-text-color\">Danke an unsere Unterst\u00fctzer<\/h3>\n\n\n\n<div class=\"wp-block-columns is-layout-flex wp-container-core-columns-is-layout-28f84493 wp-block-columns-is-layout-flex\">\n<div class=\"wp-block-column is-layout-flow wp-block-column-is-layout-flow\" style=\"flex-basis:100%\">\n<div class=\"wp-block-group has-global-padding is-layout-constrained wp-block-group-is-layout-constrained\">\n<div class=\"wp-block-group is-content-justification-center is-nowrap is-layout-flex wp-container-core-group-is-layout-23441af8 wp-block-group-is-layout-flex\">\n<div class=\"wp-block-columns is-layout-flex wp-container-core-columns-is-layout-28f84493 wp-block-columns-is-layout-flex\">\n<div class=\"wp-block-column is-vertically-aligned-center is-layout-flow wp-block-column-is-layout-flow\">\n<figure class=\"wp-block-image size-full\"><a href=\"https:\/\/kaidel.de\/\" target=\"_blank\" rel=\"noreferrer noopener\"><img loading=\"lazy\" decoding=\"async\" width=\"200\" height=\"75\" src=\"https:\/\/krv1897.de\/wp-content\/uploads\/2023\/02\/Logo-Kaidel-1.jpg\" alt=\"\" class=\"wp-image-370\"\/><\/a><\/figure>\n<\/div>\n\n\n\n<div class=\"wp-block-column is-vertically-aligned-center is-layout-flow wp-block-column-is-layout-flow\">\n<figure class=\"wp-block-image size-full\"><a href=\"https:\/\/www.steelpaint.de\/de\/\"><img loading=\"lazy\" decoding=\"async\" width=\"200\" height=\"75\" src=\"https:\/\/krv1897.de\/wp-content\/uploads\/2023\/02\/Logo-steelpaint.jpg\" alt=\"\" class=\"wp-image-368\"\/><\/a><\/figure>\n<\/div>\n<\/div>\n<\/div>\n<\/div>\n<\/div>\n<\/div>\n\n\n<style type=\"text\/css\">.zoom-instagram.feed-533{font-size:14px!important;background-color:#ffffff!important;padding:1px!important;}.zoom-instagram.feed-533 .zoom-instagram-widget__items{gap:10px!important;}.zoom-instagram.feed-533 .zoom-instagram-widget__items img {width:240px}.zoom-instagram.feed-533 .zoom-instagram-widget__items.layout-fullwidth{grid-template-columns:repeat(9,1fr);}.zoom-instagram.feed-533 .wpz-insta-view-on-insta-button{background-color:#1e73be!important;}<\/style>\n<div class=\"zoom-instagram feed-533 layout-fullwidth columns-3 with-lightbox spacing-10 perpage-3\"><header class=\"zoom-instagram-widget__header\"><div class=\"zoom-instagram-widget__header-column-left\"><img decoding=\"async\" src=\"https:\/\/krv1897.de\/wp-content\/uploads\/2023\/02\/272921988_119232327288864_5684798976050741297_n-150x150.jpg\" alt=\"@krv1897\" width=\"70\" \/><\/div><div class=\"zoom-instagram-widget__header-column-right\"><h5 class=\"zoom-instagram-widget__header-name\">KRV von 1897 e.V.<\/h5><p class=\"zoom-instagram-widget__header-user\"><a href=\"https:\/\/www.instagram.com\/krv1897\" target=\"_blank\" rel=\"nofollow\">@krv1897<\/a><\/p><div class=\"zoom-instagram-widget__header-bio\">Kitzinger Ruderverein<\/div><\/div><\/header><div class=\"zoom-instagram-widget__items-wrapper\"><ul class=\"zoom-instagram-widget__items zoom-instagram-widget__items--no-js layout-fullwidth\" data-layout=\"fullwidth\" data-lightbox=\"1\" data-spacing=\"10\" data-perpage=\"3\"><li class=\"zoom-instagram-widget__item media-icons-normal media-icons-hover\" data-media-type=\"carousel_album\"><div class=\"zoom-instagram-widget__item-inner-wrap\"><img class=\"zoom-instagram-link zoom-instagram-link-new\"  data-src=\"https:\/\/krv1897.de\/wp-content\/uploads\/2023\/02\/683627113_18069101141659643_894420829801993150_n-320x240.jpg\" data-mfp-src=\"17910208242387466\" width=\"320\" height=\"240\" alt=\"Ehre, wem Ehre geb\u00fchrt. Auch ohne Nicki-Pullover \ud83d\ude09 Gro\u00dfer Bahnhof heute f\u00fcr unseren \u00e4ltesten aktiven Ruderer, Hans Metzger.  Zum 90. (!) Geburtstag gab\u2019s vor der all-dienst\u00e4glichen Ausfahrt Sekt - und Vesper im Anschluss \ud83e\udd42\ud83e\udd42\ud83d\udea3\ud83d\udea3\u200d\u2640\ufe0f\n\nMehr als 30 KameradInnen zwischen 14 und 84 lie\u00dfen es sich nicht nehmen mit Hans zu sporteln - nat\u00fcrlich durfte Hans seinen 8x steuern - und zu feiern. \n\nUnd am Ende des Abends l\u00fcftete Vorstand @dieter_von_der_kall noch ein Geheimnis: der im Herbst eintreffende Gig4x+ von Schellenbacher wird #Hans getauft \ud83c\udf89 \n\n#krvfamilie #vorbild #intergenerations\n\ud83d\udcf8 @daniel.f.nagl\" \/><div class=\"hover-layout zoom-instagram-widget__overlay zoom-instagram-widget__black \"><svg class=\"svg-icon\" shape-rendering=\"geometricPrecision\"><use xlink:href=\"https:\/\/krv1897.de\/wp-content\/plugins\/instagram-widget-by-wpzoom\/dist\/images\/frontend\/wpzoom-instagram-icons.svg#carousel_album\"><\/use><\/svg><div class=\"zoom-instagram-icon-wrap\"><a class=\"zoom-svg-instagram-stroke\" href=\"https:\/\/www.instagram.com\/p\/DXsSnlLCFHB\/\" rel=\"noopener nofollow\" target=\"_blank\" title=\"Ehre, wem Ehre geb\u00fchrt. Auch ohne Nicki-Pullover \ud83d\ude09 Gro\u00dfer Bahnhof heute f\u00fcr unseren \u00e4ltesten aktiven Ruderer, Hans Metzger.  Zum 90. (!) Geburtstag gab\u2019s vor der all-dienst\u00e4glichen Ausfahrt Sekt - und Vesper im Anschluss \ud83e\udd42\ud83e\udd42\ud83d\udea3\ud83d\udea3\u200d\u2640\ufe0f\n\nMehr als 30 KameradInnen zwischen 14 und 84 lie\u00dfen es sich nicht nehmen mit Hans zu sporteln - nat\u00fcrlich durfte Hans seinen 8x steuern - und zu feiern. \n\nUnd am Ende des Abends l\u00fcftete Vorstand @dieter_von_der_kall noch ein Geheimnis: der im Herbst eintreffende Gig4x+ von Schellenbacher wird #Hans getauft \ud83c\udf89 \n\n#krvfamilie #vorbild #intergenerations\n\ud83d\udcf8 @daniel.f.nagl\"><\/a><\/div><a class=\"zoom-instagram-link\" data-src=\"https:\/\/krv1897.de\/wp-content\/uploads\/2023\/02\/683627113_18069101141659643_894420829801993150_n-320x240.jpg\" data-mfp-src=\"17910208242387466\" href=\"https:\/\/www.instagram.com\/p\/DXsSnlLCFHB\/\" target=\"_blank\" rel=\"noopener nofollow\" title=\"Ehre, wem Ehre geb\u00fchrt. Auch ohne Nicki-Pullover \ud83d\ude09 Gro\u00dfer Bahnhof heute f\u00fcr unseren \u00e4ltesten aktiven Ruderer, Hans Metzger.  Zum 90. (!) Geburtstag gab\u2019s vor der all-dienst\u00e4glichen Ausfahrt Sekt - und Vesper im Anschluss \ud83e\udd42\ud83e\udd42\ud83d\udea3\ud83d\udea3\u200d\u2640\ufe0f\n\nMehr als 30 KameradInnen zwischen 14 und 84 lie\u00dfen es sich nicht nehmen mit Hans zu sporteln - nat\u00fcrlich durfte Hans seinen 8x steuern - und zu feiern. \n\nUnd am Ende des Abends l\u00fcftete Vorstand @dieter_von_der_kall noch ein Geheimnis: der im Herbst eintreffende Gig4x+ von Schellenbacher wird #Hans getauft \ud83c\udf89 \n\n#krvfamilie #vorbild #intergenerations\n\ud83d\udcf8 @daniel.f.nagl\"><\/a><\/div><\/div><\/li><li class=\"zoom-instagram-widget__item media-icons-normal media-icons-hover\" data-media-type=\"image\"><div class=\"zoom-instagram-widget__item-inner-wrap\"><img class=\"zoom-instagram-link zoom-instagram-link-new\"  data-src=\"https:\/\/krv1897.de\/wp-content\/uploads\/2023\/02\/681292609_18069038222659643_974562681424788382_n-320x168.jpg\" data-mfp-src=\"17904697833412032\" width=\"320\" height=\"168\" alt=\"90 Lenzen jung. Seit 73 Jahren rudernd auf dem Main - und anderswo. Dabei schon mehrfach um die Welt: Chapeau, Hans! #jungbrunnenrudern\n\nW\u00fcrdigung auf www.krv1897.de oder in der Aprilausgabe des @rudersport_magazin\" \/><div class=\"hover-layout zoom-instagram-widget__overlay zoom-instagram-widget__black \"><div class=\"zoom-instagram-icon-wrap\"><a class=\"zoom-svg-instagram-stroke\" href=\"https:\/\/www.instagram.com\/p\/DXrG4tAiO8P\/\" rel=\"noopener nofollow\" target=\"_blank\" title=\"90 Lenzen jung. Seit 73 Jahren rudernd auf dem Main - und anderswo. Dabei schon mehrfach um die Welt: Chapeau, Hans! #jungbrunnenrudern\n\nW\u00fcrdigung auf www.krv1897.de oder in der Aprilausgabe des @rudersport_magazin\"><\/a><\/div><a class=\"zoom-instagram-link\" data-src=\"https:\/\/krv1897.de\/wp-content\/uploads\/2023\/02\/681292609_18069038222659643_974562681424788382_n-320x168.jpg\" data-mfp-src=\"17904697833412032\" href=\"https:\/\/www.instagram.com\/p\/DXrG4tAiO8P\/\" target=\"_blank\" rel=\"noopener nofollow\" title=\"90 Lenzen jung. Seit 73 Jahren rudernd auf dem Main - und anderswo. Dabei schon mehrfach um die Welt: Chapeau, Hans! #jungbrunnenrudern\n\nW\u00fcrdigung auf www.krv1897.de oder in der Aprilausgabe des @rudersport_magazin\"><\/a><\/div><\/div><\/li><li class=\"zoom-instagram-widget__item media-icons-normal media-icons-hover\" data-media-type=\"image\"><div class=\"zoom-instagram-widget__item-inner-wrap\"><img class=\"zoom-instagram-link zoom-instagram-link-new\"  data-src=\"https:\/\/krv1897.de\/wp-content\/uploads\/2023\/02\/673825608_18067647350659643_2365796362942892877_n-240x320.jpg\" data-mfp-src=\"18085812536065203\" width=\"240\" height=\"320\" alt=\"Fr\u00fchling! L\u00e4ngere Ruderabende! Und warmes Licht (und kalte Getr\u00e4nke), wenn man von Wasser geht \ud83d\ude0d\n#lebensqualit\u00e4t\" \/><div class=\"hover-layout zoom-instagram-widget__overlay zoom-instagram-widget__black \"><div class=\"zoom-instagram-icon-wrap\"><a class=\"zoom-svg-instagram-stroke\" href=\"https:\/\/www.instagram.com\/p\/DXPjYp3CJQt\/\" rel=\"noopener nofollow\" target=\"_blank\" title=\"Fr\u00fchling! L\u00e4ngere Ruderabende! Und warmes Licht (und kalte Getr\u00e4nke), wenn man von Wasser geht \ud83d\ude0d\n#lebensqualit\u00e4t\"><\/a><\/div><a class=\"zoom-instagram-link\" data-src=\"https:\/\/krv1897.de\/wp-content\/uploads\/2023\/02\/673825608_18067647350659643_2365796362942892877_n-240x320.jpg\" data-mfp-src=\"18085812536065203\" href=\"https:\/\/www.instagram.com\/p\/DXPjYp3CJQt\/\" target=\"_blank\" rel=\"noopener nofollow\" title=\"Fr\u00fchling! L\u00e4ngere Ruderabende! Und warmes Licht (und kalte Getr\u00e4nke), wenn man von Wasser geht \ud83d\ude0d\n#lebensqualit\u00e4t\"><\/a><\/div><\/div><\/li><li class=\"zoom-instagram-widget__item media-icons-normal media-icons-hover\" data-media-type=\"carousel_album\"><div class=\"zoom-instagram-widget__item-inner-wrap\"><img class=\"zoom-instagram-link zoom-instagram-link-new\"  data-src=\"https:\/\/krv1897.de\/wp-content\/uploads\/2023\/02\/669565290_18066779498659643_7463193516874291570_n-240x320.jpg\" data-mfp-src=\"17986273409986023\" width=\"240\" height=\"320\" alt=\"Heute ein bisschen (Trink-)Kultur bei @caves.byrrh in Thuir \ud83c\udf78\" \/><div class=\"hover-layout zoom-instagram-widget__overlay zoom-instagram-widget__black \"><svg class=\"svg-icon\" shape-rendering=\"geometricPrecision\"><use xlink:href=\"https:\/\/krv1897.de\/wp-content\/plugins\/instagram-widget-by-wpzoom\/dist\/images\/frontend\/wpzoom-instagram-icons.svg#carousel_album\"><\/use><\/svg><div class=\"zoom-instagram-icon-wrap\"><a class=\"zoom-svg-instagram-stroke\" href=\"https:\/\/www.instagram.com\/p\/DW8m41ICLf9\/\" rel=\"noopener nofollow\" target=\"_blank\" title=\"Heute ein bisschen (Trink-)Kultur bei @caves.byrrh in Thuir \ud83c\udf78\"><\/a><\/div><a class=\"zoom-instagram-link\" data-src=\"https:\/\/krv1897.de\/wp-content\/uploads\/2023\/02\/669565290_18066779498659643_7463193516874291570_n-240x320.jpg\" data-mfp-src=\"17986273409986023\" href=\"https:\/\/www.instagram.com\/p\/DW8m41ICLf9\/\" target=\"_blank\" rel=\"noopener nofollow\" title=\"Heute ein bisschen (Trink-)Kultur bei @caves.byrrh in Thuir \ud83c\udf78\"><\/a><\/div><\/div><\/li><li class=\"zoom-instagram-widget__item media-icons-normal media-icons-hover\" data-media-type=\"carousel_album\"><div class=\"zoom-instagram-widget__item-inner-wrap\"><img class=\"zoom-instagram-link zoom-instagram-link-new\"  data-src=\"https:\/\/krv1897.de\/wp-content\/uploads\/2023\/02\/661248715_18066693113659643_5791773958098608783_n-320x240.jpg\" data-mfp-src=\"17948398785125186\" width=\"320\" height=\"240\" alt=\"Was macht man als Ruderjugend, wenn es Anfang April 33C hat? Logisch! Man sucht sich einen Gebirgsbach und \u00fcbt Kaltwasser-Resistenz, weil daheim der Main erst 10C hat \ud83e\udd76\u270c\ud83c\udffb #anotherhike \ud83d\udc0f #viveleCanigou\" \/><div class=\"hover-layout zoom-instagram-widget__overlay zoom-instagram-widget__black \"><svg class=\"svg-icon\" shape-rendering=\"geometricPrecision\"><use xlink:href=\"https:\/\/krv1897.de\/wp-content\/plugins\/instagram-widget-by-wpzoom\/dist\/images\/frontend\/wpzoom-instagram-icons.svg#carousel_album\"><\/use><\/svg><div class=\"zoom-instagram-icon-wrap\"><a class=\"zoom-svg-instagram-stroke\" href=\"https:\/\/www.instagram.com\/p\/DW6nsZ2CPh3\/\" rel=\"noopener nofollow\" target=\"_blank\" title=\"Was macht man als Ruderjugend, wenn es Anfang April 33C hat? Logisch! Man sucht sich einen Gebirgsbach und \u00fcbt Kaltwasser-Resistenz, weil daheim der Main erst 10C hat \ud83e\udd76\u270c\ud83c\udffb #anotherhike \ud83d\udc0f #viveleCanigou\"><\/a><\/div><a class=\"zoom-instagram-link\" data-src=\"https:\/\/krv1897.de\/wp-content\/uploads\/2023\/02\/661248715_18066693113659643_5791773958098608783_n-320x240.jpg\" data-mfp-src=\"17948398785125186\" href=\"https:\/\/www.instagram.com\/p\/DW6nsZ2CPh3\/\" target=\"_blank\" rel=\"noopener nofollow\" title=\"Was macht man als Ruderjugend, wenn es Anfang April 33C hat? Logisch! Man sucht sich einen Gebirgsbach und \u00fcbt Kaltwasser-Resistenz, weil daheim der Main erst 10C hat \ud83e\udd76\u270c\ud83c\udffb #anotherhike \ud83d\udc0f #viveleCanigou\"><\/a><\/div><\/div><\/li><li class=\"zoom-instagram-widget__item media-icons-normal media-icons-hover\" data-media-type=\"image\"><div class=\"zoom-instagram-widget__item-inner-wrap\"><img class=\"zoom-instagram-link zoom-instagram-link-new\"  data-src=\"https:\/\/krv1897.de\/wp-content\/uploads\/2023\/02\/662494033_18066600530659643_1312585015119497913_n-320x240.jpg\" data-mfp-src=\"18180934687383803\" width=\"320\" height=\"240\" alt=\"Outdooractive: 6km\/750hm = 2:30h. @krv_jugend.1897 : Challenge accepted! \ud83e\udd7e\ud83d\ude80\nNach 6km Barque en mer kleine 12km\/800hm Einheit zum Tour de la Massane. Am Ende mit Pause 3:30h statt 4:40h. Formkurve \ud83d\udcc8 Und @lorik.shala4 hat sich die imagin\u00e4re \u201eChamois du jour\u201c \ud83d\udc0f Plakette verdient \ud83d\udc4d\ud83c\udffb\" \/><div class=\"hover-layout zoom-instagram-widget__overlay zoom-instagram-widget__black \"><div class=\"zoom-instagram-icon-wrap\"><a class=\"zoom-svg-instagram-stroke\" href=\"https:\/\/www.instagram.com\/p\/DW4oqARiLBU\/\" rel=\"noopener nofollow\" target=\"_blank\" title=\"Outdooractive: 6km\/750hm = 2:30h. @krv_jugend.1897 : Challenge accepted! \ud83e\udd7e\ud83d\ude80\nNach 6km Barque en mer kleine 12km\/800hm Einheit zum Tour de la Massane. Am Ende mit Pause 3:30h statt 4:40h. Formkurve \ud83d\udcc8 Und @lorik.shala4 hat sich die imagin\u00e4re \u201eChamois du jour\u201c \ud83d\udc0f Plakette verdient \ud83d\udc4d\ud83c\udffb\"><\/a><\/div><a class=\"zoom-instagram-link\" data-src=\"https:\/\/krv1897.de\/wp-content\/uploads\/2023\/02\/662494033_18066600530659643_1312585015119497913_n-320x240.jpg\" data-mfp-src=\"18180934687383803\" href=\"https:\/\/www.instagram.com\/p\/DW4oqARiLBU\/\" target=\"_blank\" rel=\"noopener nofollow\" title=\"Outdooractive: 6km\/750hm = 2:30h. @krv_jugend.1897 : Challenge accepted! \ud83e\udd7e\ud83d\ude80\nNach 6km Barque en mer kleine 12km\/800hm Einheit zum Tour de la Massane. Am Ende mit Pause 3:30h statt 4:40h. Formkurve \ud83d\udcc8 Und @lorik.shala4 hat sich die imagin\u00e4re \u201eChamois du jour\u201c \ud83d\udc0f Plakette verdient \ud83d\udc4d\ud83c\udffb\"><\/a><\/div><\/div><\/li><li class=\"zoom-instagram-widget__item media-icons-normal media-icons-hover\" data-media-type=\"carousel_album\"><div class=\"zoom-instagram-widget__item-inner-wrap\"><img class=\"zoom-instagram-link zoom-instagram-link-new\"  data-src=\"https:\/\/krv1897.de\/wp-content\/uploads\/2023\/02\/658767208_18066531698659643_8657804007791209630_n-240x320.jpg\" data-mfp-src=\"18174177001398961\" width=\"240\" height=\"320\" alt=\"Neue KRV-Abteilung coming? Peut-etre \u2026 haben uns jedenfalls gut ins Training der Castelliers in Prades integriert. Merci f\u00fcr die Aufnahme. Haben uns sogar in einem eigenen Turm versucht. Bild folgt \u2026\" \/><div class=\"hover-layout zoom-instagram-widget__overlay zoom-instagram-widget__black \"><svg class=\"svg-icon\" shape-rendering=\"geometricPrecision\"><use xlink:href=\"https:\/\/krv1897.de\/wp-content\/plugins\/instagram-widget-by-wpzoom\/dist\/images\/frontend\/wpzoom-instagram-icons.svg#carousel_album\"><\/use><\/svg><div class=\"zoom-instagram-icon-wrap\"><a class=\"zoom-svg-instagram-stroke\" href=\"https:\/\/www.instagram.com\/p\/DW3MsOrCJfM\/\" rel=\"noopener nofollow\" target=\"_blank\" title=\"Neue KRV-Abteilung coming? Peut-etre \u2026 haben uns jedenfalls gut ins Training der Castelliers in Prades integriert. Merci f\u00fcr die Aufnahme. Haben uns sogar in einem eigenen Turm versucht. Bild folgt \u2026\"><\/a><\/div><a class=\"zoom-instagram-link\" data-src=\"https:\/\/krv1897.de\/wp-content\/uploads\/2023\/02\/658767208_18066531698659643_8657804007791209630_n-240x320.jpg\" data-mfp-src=\"18174177001398961\" href=\"https:\/\/www.instagram.com\/p\/DW3MsOrCJfM\/\" target=\"_blank\" rel=\"noopener nofollow\" title=\"Neue KRV-Abteilung coming? Peut-etre \u2026 haben uns jedenfalls gut ins Training der Castelliers in Prades integriert. Merci f\u00fcr die Aufnahme. Haben uns sogar in einem eigenen Turm versucht. Bild folgt \u2026\"><\/a><\/div><\/div><\/li><li class=\"zoom-instagram-widget__item media-icons-normal media-icons-hover\" data-media-type=\"carousel_album\"><div class=\"zoom-instagram-widget__item-inner-wrap\"><img class=\"zoom-instagram-link zoom-instagram-link-new\"  data-src=\"https:\/\/krv1897.de\/wp-content\/uploads\/2023\/02\/659501181_18066491420659643_8482823391179350727_n-320x240.jpg\" data-mfp-src=\"17898821517424388\" width=\"320\" height=\"240\" alt=\"Unsere @krv_jugend.1897 war heute bei @aviron_perpignan zu Gast. Merci \u00e0 Phillipe et Daniel f\u00fcr ihre Gastfreundschaft. Lasst die Bilder einfach auf euch wirken \u2600\ufe0f\ud83c\udfde\ufe0f\ud83d\udea3\ud83c\udffb\" \/><div class=\"hover-layout zoom-instagram-widget__overlay zoom-instagram-widget__black \"><svg class=\"svg-icon\" shape-rendering=\"geometricPrecision\"><use xlink:href=\"https:\/\/krv1897.de\/wp-content\/plugins\/instagram-widget-by-wpzoom\/dist\/images\/frontend\/wpzoom-instagram-icons.svg#carousel_album\"><\/use><\/svg><div class=\"zoom-instagram-icon-wrap\"><a class=\"zoom-svg-instagram-stroke\" href=\"https:\/\/www.instagram.com\/p\/DW2GAInCFgc\/\" rel=\"noopener nofollow\" target=\"_blank\" title=\"Unsere @krv_jugend.1897 war heute bei @aviron_perpignan zu Gast. Merci \u00e0 Phillipe et Daniel f\u00fcr ihre Gastfreundschaft. Lasst die Bilder einfach auf euch wirken \u2600\ufe0f\ud83c\udfde\ufe0f\ud83d\udea3\ud83c\udffb\"><\/a><\/div><a class=\"zoom-instagram-link\" data-src=\"https:\/\/krv1897.de\/wp-content\/uploads\/2023\/02\/659501181_18066491420659643_8482823391179350727_n-320x240.jpg\" data-mfp-src=\"17898821517424388\" href=\"https:\/\/www.instagram.com\/p\/DW2GAInCFgc\/\" target=\"_blank\" rel=\"noopener nofollow\" title=\"Unsere @krv_jugend.1897 war heute bei @aviron_perpignan zu Gast. Merci \u00e0 Phillipe et Daniel f\u00fcr ihre Gastfreundschaft. Lasst die Bilder einfach auf euch wirken \u2600\ufe0f\ud83c\udfde\ufe0f\ud83d\udea3\ud83c\udffb\"><\/a><\/div><\/div><\/li><li class=\"zoom-instagram-widget__item media-icons-normal media-icons-hover\" data-media-type=\"image\"><div class=\"zoom-instagram-widget__item-inner-wrap\"><img class=\"zoom-instagram-link zoom-instagram-link-new\"  data-src=\"https:\/\/krv1897.de\/wp-content\/uploads\/2023\/02\/660731672_18066368366659643_9135489527788503024_n-320x240.jpg\" data-mfp-src=\"18457800025101947\" width=\"320\" height=\"240\" alt=\"Tag ohne Sport? Marche pas!\" \/><div class=\"hover-layout zoom-instagram-widget__overlay zoom-instagram-widget__black \"><div class=\"zoom-instagram-icon-wrap\"><a class=\"zoom-svg-instagram-stroke\" href=\"https:\/\/www.instagram.com\/p\/DWzP4zMiK0P\/\" rel=\"noopener nofollow\" target=\"_blank\" title=\"Tag ohne Sport? Marche pas!\"><\/a><\/div><a class=\"zoom-instagram-link\" data-src=\"https:\/\/krv1897.de\/wp-content\/uploads\/2023\/02\/660731672_18066368366659643_9135489527788503024_n-320x240.jpg\" data-mfp-src=\"18457800025101947\" href=\"https:\/\/www.instagram.com\/p\/DWzP4zMiK0P\/\" target=\"_blank\" rel=\"noopener nofollow\" title=\"Tag ohne Sport? Marche pas!\"><\/a><\/div><\/div><\/li><\/ul><\/div><div class=\"zoom-instagram-widget__footer\"><a href=\"https:\/\/www.instagram.com\/krv1897\" target=\"_blank\" rel=\"noopener nofollow\" class=\"wpz-button wpz-button-primary wpz-insta-view-on-insta-button\"><span class=\"button-icon zoom-svg-instagram-stroke\"><\/span> View on Instagram<\/a><\/div><div class=\"wpz-insta-lightbox-wrapper mfp-hide\"><div class=\"swiper\"><div class=\"swiper-wrapper\"><div data-uid=\"17910208242387466\" class=\"swiper-slide wpz-insta-lightbox-item\"><div class=\"wpz-insta-lightbox\"><div class=\"image-wrapper\"><div class=\"swiper\" style=\"height: 100%;\"><div class=\"swiper-wrapper wpz-insta-album-images\"><div class=\"swiper-slide wpz-insta-album-image\" data-media-type=\"image\"><img class=\"wpzoom-swiper-image swiper-lazy\" data-src=\"https:\/\/scontent-fra5-2.cdninstagram.com\/v\/t51.82787-15\/683627113_18069101141659643_894420829801993150_n.jpg?stp=dst-jpg_e35_tt6&#038;_nc_cat=107&#038;ccb=7-5&#038;_nc_sid=18de74&#038;efg=eyJlZmdfdGFnIjoiQ0FST1VTRUxfSVRFTS5iZXN0X2ltYWdlX3VybGdlbi5DMyJ9&#038;_nc_ohc=nLNoxgLQ-g0Q7kNvwFc4u4I&#038;_nc_oc=AdqPUEjxW6A2S922hut0T66wKSOnxlXSePTodJiLoNccLCeuxm9CItpcJSdjdHi3pvU2FkecObrlmas7Rxpvt_58&#038;_nc_zt=23&#038;_nc_ht=scontent-fra5-2.cdninstagram.com&#038;edm=ANo9K5cEAAAA&#038;_nc_gid=blT_y2bS5UO599N0eLqYDw&#038;_nc_tpa=Q5bMBQF9zufcCTyas8GA6CbpX9Tk3ZCeY1y61XnsKHqsk0h4t66fLK4cjHR2SroQk4HFSdPCZO1-8D_U&#038;oh=00_Af2hOv2RWta3UVrASYKt-bjLYiKjBzHnxWMMl1vu0lLlQQ&#038;oe=69F79B0A\" alt=\"Ehre, wem Ehre geb\u00fchrt. Auch ohne Nicki-Pullover \ud83d\ude09 Gro\u00dfer Bahnhof heute f\u00fcr unseren \u00e4ltesten aktiven Ruderer, Hans Metzger.  Zum 90. (!) Geburtstag gab\u2019s vor der all-dienst\u00e4glichen Ausfahrt Sekt - und Vesper im Anschluss \ud83e\udd42\ud83e\udd42\ud83d\udea3\ud83d\udea3\u200d\u2640\ufe0f\n\nMehr als 30 KameradInnen zwischen 14 und 84 lie\u00dfen es sich nicht nehmen mit Hans zu sporteln - nat\u00fcrlich durfte Hans seinen 8x steuern - und zu feiern. \n\nUnd am Ende des Abends l\u00fcftete Vorstand @dieter_von_der_kall noch ein Geheimnis: der im Herbst eintreffende Gig4x+ von Schellenbacher wird #Hans getauft \ud83c\udf89 \n\n#krvfamilie #vorbild #intergenerations\n\ud83d\udcf8 @daniel.f.nagl\"\/><div class=\"swiper-lazy-preloader swiper-lazy-preloader-white\"><\/div><\/div><div class=\"swiper-slide wpz-insta-album-image\" data-media-type=\"image\"><img class=\"wpzoom-swiper-image swiper-lazy\" data-src=\"https:\/\/scontent-fra3-1.cdninstagram.com\/v\/t51.82787-15\/675436969_18069101120659643_5742395547715718366_n.jpg?stp=dst-jpg_e35_tt6&#038;_nc_cat=108&#038;ccb=7-5&#038;_nc_sid=18de74&#038;efg=eyJlZmdfdGFnIjoiQ0FST1VTRUxfSVRFTS5iZXN0X2ltYWdlX3VybGdlbi5DMyJ9&#038;_nc_ohc=x5fQVYsZZREQ7kNvwFTDWgr&#038;_nc_oc=Ado2wLP_z4i3pq1hoSRjmusgB2ll-Xb0oythCt1xeScAuK4U9faCGEoQ2fWXkEDRKhZGzlfu5ORQhpIi1wbaodEj&#038;_nc_zt=23&#038;_nc_ht=scontent-fra3-1.cdninstagram.com&#038;edm=ANo9K5cEAAAA&#038;_nc_gid=blT_y2bS5UO599N0eLqYDw&#038;_nc_tpa=Q5bMBQH0musaK7svcC6A5IjtlNtgG8-xzLLtL9Q502PF8euHw2dRvABn3cV_h8r5vUDxWH4rtSkU-ysw&#038;oh=00_Af2rjZW9u4WcZibEeWrnhgy0cTL_jmsmrDPpTgfKv2V1OA&#038;oe=69F79533\" alt=\"Ehre, wem Ehre geb\u00fchrt. Auch ohne Nicki-Pullover \ud83d\ude09 Gro\u00dfer Bahnhof heute f\u00fcr unseren \u00e4ltesten aktiven Ruderer, Hans Metzger.  Zum 90. (!) Geburtstag gab\u2019s vor der all-dienst\u00e4glichen Ausfahrt Sekt - und Vesper im Anschluss \ud83e\udd42\ud83e\udd42\ud83d\udea3\ud83d\udea3\u200d\u2640\ufe0f\n\nMehr als 30 KameradInnen zwischen 14 und 84 lie\u00dfen es sich nicht nehmen mit Hans zu sporteln - nat\u00fcrlich durfte Hans seinen 8x steuern - und zu feiern. \n\nUnd am Ende des Abends l\u00fcftete Vorstand @dieter_von_der_kall noch ein Geheimnis: der im Herbst eintreffende Gig4x+ von Schellenbacher wird #Hans getauft \ud83c\udf89 \n\n#krvfamilie #vorbild #intergenerations\n\ud83d\udcf8 @daniel.f.nagl\"\/><div class=\"swiper-lazy-preloader swiper-lazy-preloader-white\"><\/div><\/div><div class=\"swiper-slide wpz-insta-album-image\" data-media-type=\"image\"><img class=\"wpzoom-swiper-image swiper-lazy\" data-src=\"https:\/\/scontent-fra5-1.cdninstagram.com\/v\/t51.82787-15\/683012043_18069101177659643_7056368342165392702_n.jpg?stp=dst-jpg_e35_tt6&#038;_nc_cat=110&#038;ccb=7-5&#038;_nc_sid=18de74&#038;efg=eyJlZmdfdGFnIjoiQ0FST1VTRUxfSVRFTS5iZXN0X2ltYWdlX3VybGdlbi5DMyJ9&#038;_nc_ohc=0z8N3mdeW0IQ7kNvwGa6Dzd&#038;_nc_oc=AdqIWCG17Tb3X5_BPW0la5WFMGIEBcrMfPlTvxQ9GjemFZae2QJjsvQfW0yYEcixPs_aXEE8II7HY3EUrMCwz4lf&#038;_nc_zt=23&#038;_nc_ht=scontent-fra5-1.cdninstagram.com&#038;edm=ANo9K5cEAAAA&#038;_nc_gid=blT_y2bS5UO599N0eLqYDw&#038;_nc_tpa=Q5bMBQEeyCamk8AI6e2nMwGYwtIQTOE-UnRp1f-Np3OvCtEn8VpbDudfhBUVkG3jAqOBHrJdlTZS6taI&#038;oh=00_Af1QnWHzxVRSVIK4QIL3R_dNcI1HuGAPEvsZ9i4ghlDKMw&#038;oe=69F7B40A\" alt=\"Ehre, wem Ehre geb\u00fchrt. Auch ohne Nicki-Pullover \ud83d\ude09 Gro\u00dfer Bahnhof heute f\u00fcr unseren \u00e4ltesten aktiven Ruderer, Hans Metzger.  Zum 90. (!) Geburtstag gab\u2019s vor der all-dienst\u00e4glichen Ausfahrt Sekt - und Vesper im Anschluss \ud83e\udd42\ud83e\udd42\ud83d\udea3\ud83d\udea3\u200d\u2640\ufe0f\n\nMehr als 30 KameradInnen zwischen 14 und 84 lie\u00dfen es sich nicht nehmen mit Hans zu sporteln - nat\u00fcrlich durfte Hans seinen 8x steuern - und zu feiern. \n\nUnd am Ende des Abends l\u00fcftete Vorstand @dieter_von_der_kall noch ein Geheimnis: der im Herbst eintreffende Gig4x+ von Schellenbacher wird #Hans getauft \ud83c\udf89 \n\n#krvfamilie #vorbild #intergenerations\n\ud83d\udcf8 @daniel.f.nagl\"\/><div class=\"swiper-lazy-preloader swiper-lazy-preloader-white\"><\/div><\/div><div class=\"swiper-slide wpz-insta-album-image\" data-media-type=\"image\"><img class=\"wpzoom-swiper-image swiper-lazy\" data-src=\"https:\/\/scontent-fra5-1.cdninstagram.com\/v\/t51.82787-15\/683625327_18069101132659643_8408468703406702197_n.jpg?stp=dst-jpg_e35_tt6&#038;_nc_cat=110&#038;ccb=7-5&#038;_nc_sid=18de74&#038;efg=eyJlZmdfdGFnIjoiQ0FST1VTRUxfSVRFTS5iZXN0X2ltYWdlX3VybGdlbi5DMyJ9&#038;_nc_ohc=EhuRGnJg5wcQ7kNvwFaCnkw&#038;_nc_oc=AdrRwJODn90jQqOZ9AK_ODiQ4BF-HcNYZ1_j41LgFFAHLbs-LTCi_iqSV8FTmvIRYojZYMXfqR3YaZqXqkml4Pjc&#038;_nc_zt=23&#038;_nc_ht=scontent-fra5-1.cdninstagram.com&#038;edm=ANo9K5cEAAAA&#038;_nc_gid=blT_y2bS5UO599N0eLqYDw&#038;_nc_tpa=Q5bMBQFVbbnRL158ah9968agEjZVuWovhf_VSHJBACpNGw0q4jL1LySLVQWFR9559n1Z9rX-af7-nv2a&#038;oh=00_Af0imXDNvq2SgptBNbzCzrQmyNOfx2va7Gb-58hMn6HAjw&#038;oe=69F7B1D6\" alt=\"Ehre, wem Ehre geb\u00fchrt. Auch ohne Nicki-Pullover \ud83d\ude09 Gro\u00dfer Bahnhof heute f\u00fcr unseren \u00e4ltesten aktiven Ruderer, Hans Metzger.  Zum 90. (!) Geburtstag gab\u2019s vor der all-dienst\u00e4glichen Ausfahrt Sekt - und Vesper im Anschluss \ud83e\udd42\ud83e\udd42\ud83d\udea3\ud83d\udea3\u200d\u2640\ufe0f\n\nMehr als 30 KameradInnen zwischen 14 und 84 lie\u00dfen es sich nicht nehmen mit Hans zu sporteln - nat\u00fcrlich durfte Hans seinen 8x steuern - und zu feiern. \n\nUnd am Ende des Abends l\u00fcftete Vorstand @dieter_von_der_kall noch ein Geheimnis: der im Herbst eintreffende Gig4x+ von Schellenbacher wird #Hans getauft \ud83c\udf89 \n\n#krvfamilie #vorbild #intergenerations\n\ud83d\udcf8 @daniel.f.nagl\"\/><div class=\"swiper-lazy-preloader swiper-lazy-preloader-white\"><\/div><\/div><div class=\"swiper-slide wpz-insta-album-image\" data-media-type=\"image\"><img class=\"wpzoom-swiper-image swiper-lazy\" data-src=\"https:\/\/scontent-fra5-1.cdninstagram.com\/v\/t51.82787-15\/683830446_18069101123659643_6212856109635170023_n.jpg?stp=dst-jpg_e35_tt6&#038;_nc_cat=110&#038;ccb=7-5&#038;_nc_sid=18de74&#038;efg=eyJlZmdfdGFnIjoiQ0FST1VTRUxfSVRFTS5iZXN0X2ltYWdlX3VybGdlbi5DMyJ9&#038;_nc_ohc=wRSFM1O50_QQ7kNvwEBxSji&#038;_nc_oc=Adp1UcjwvNi-eMp0olEuSTvL2Gz3oEBUQraeV8Ua_hLcYBuONld9IB2Zbaee3uU6ftGL8QHMMusps_QAXwBypi2U&#038;_nc_zt=23&#038;_nc_ht=scontent-fra5-1.cdninstagram.com&#038;edm=ANo9K5cEAAAA&#038;_nc_gid=blT_y2bS5UO599N0eLqYDw&#038;_nc_tpa=Q5bMBQGJzEpcCI_YBeEe9y_6vAcuRL2T4oTP2_YIdoBkM9BtuFZTBBqY9dAOCIS31PJnhuNULgm_TiZr&#038;oh=00_Af1Lf6axrjOx1KDSJKv4Rd9QUFosav65RtOF2nLHOY_8QA&#038;oe=69F7AC6A\" alt=\"Ehre, wem Ehre geb\u00fchrt. Auch ohne Nicki-Pullover \ud83d\ude09 Gro\u00dfer Bahnhof heute f\u00fcr unseren \u00e4ltesten aktiven Ruderer, Hans Metzger.  Zum 90. (!) Geburtstag gab\u2019s vor der all-dienst\u00e4glichen Ausfahrt Sekt - und Vesper im Anschluss \ud83e\udd42\ud83e\udd42\ud83d\udea3\ud83d\udea3\u200d\u2640\ufe0f\n\nMehr als 30 KameradInnen zwischen 14 und 84 lie\u00dfen es sich nicht nehmen mit Hans zu sporteln - nat\u00fcrlich durfte Hans seinen 8x steuern - und zu feiern. \n\nUnd am Ende des Abends l\u00fcftete Vorstand @dieter_von_der_kall noch ein Geheimnis: der im Herbst eintreffende Gig4x+ von Schellenbacher wird #Hans getauft \ud83c\udf89 \n\n#krvfamilie #vorbild #intergenerations\n\ud83d\udcf8 @daniel.f.nagl\"\/><div class=\"swiper-lazy-preloader swiper-lazy-preloader-white\"><\/div><\/div><div class=\"swiper-slide wpz-insta-album-image\" data-media-type=\"image\"><img class=\"wpzoom-swiper-image swiper-lazy\" data-src=\"https:\/\/scontent-fra3-1.cdninstagram.com\/v\/t51.82787-15\/675436979_18069101117659643_9182992563748419419_n.jpg?stp=dst-jpg_e35_tt6&#038;_nc_cat=101&#038;ccb=7-5&#038;_nc_sid=18de74&#038;efg=eyJlZmdfdGFnIjoiQ0FST1VTRUxfSVRFTS5iZXN0X2ltYWdlX3VybGdlbi5DMyJ9&#038;_nc_ohc=cdc6vDNE_1oQ7kNvwHqYlFg&#038;_nc_oc=AdqCQsD2BxdLiudKZThijtAQ3-6tooRNBMQFpFslwIpeqbJPvA4wL7Wetd7bTHoBRUqDUnQgGL8JtcJL0nnqZA7W&#038;_nc_zt=23&#038;_nc_ht=scontent-fra3-1.cdninstagram.com&#038;edm=ANo9K5cEAAAA&#038;_nc_gid=blT_y2bS5UO599N0eLqYDw&#038;_nc_tpa=Q5bMBQH5ZEHqGMxQ0kUGrE3EwBI6ljjgahY4CA4-aW-BQ8ehYsVopxIfLoXCxE_8JFVOKWuRS7UMMsg5&#038;oh=00_Af21Ab_V_3KQU7TUN5y6DG_2EXrn8PeIBDvka3iOjBCIfw&#038;oe=69F7B0B0\" alt=\"Ehre, wem Ehre geb\u00fchrt. Auch ohne Nicki-Pullover \ud83d\ude09 Gro\u00dfer Bahnhof heute f\u00fcr unseren \u00e4ltesten aktiven Ruderer, Hans Metzger.  Zum 90. (!) Geburtstag gab\u2019s vor der all-dienst\u00e4glichen Ausfahrt Sekt - und Vesper im Anschluss \ud83e\udd42\ud83e\udd42\ud83d\udea3\ud83d\udea3\u200d\u2640\ufe0f\n\nMehr als 30 KameradInnen zwischen 14 und 84 lie\u00dfen es sich nicht nehmen mit Hans zu sporteln - nat\u00fcrlich durfte Hans seinen 8x steuern - und zu feiern. \n\nUnd am Ende des Abends l\u00fcftete Vorstand @dieter_von_der_kall noch ein Geheimnis: der im Herbst eintreffende Gig4x+ von Schellenbacher wird #Hans getauft \ud83c\udf89 \n\n#krvfamilie #vorbild #intergenerations\n\ud83d\udcf8 @daniel.f.nagl\"\/><div class=\"swiper-lazy-preloader swiper-lazy-preloader-white\"><\/div><\/div><div class=\"swiper-slide wpz-insta-album-image\" data-media-type=\"image\"><img class=\"wpzoom-swiper-image swiper-lazy\" data-src=\"https:\/\/scontent-fra5-1.cdninstagram.com\/v\/t51.82787-15\/675396077_18069101156659643_7699695980947358712_n.jpg?stp=dst-jpg_e35_tt6&#038;_nc_cat=100&#038;ccb=7-5&#038;_nc_sid=18de74&#038;efg=eyJlZmdfdGFnIjoiQ0FST1VTRUxfSVRFTS5iZXN0X2ltYWdlX3VybGdlbi5DMyJ9&#038;_nc_ohc=ws3wgOK_7YsQ7kNvwEyAoPF&#038;_nc_oc=Adoo3PYPQBFlM0Y1vzp_14md8z6VBN1XkFONqngtDpKArUv-mfBA-6qKAnQhU1aDmVnWDq9yiYhaUud7hQgELy5b&#038;_nc_zt=23&#038;_nc_ht=scontent-fra5-1.cdninstagram.com&#038;edm=ANo9K5cEAAAA&#038;_nc_gid=blT_y2bS5UO599N0eLqYDw&#038;_nc_tpa=Q5bMBQH0FrDZv5Gyml7f2iPVJ2r5KA3sROLMNB3ghmwsLPK8SGvQxRM3Pq56REScOoLcjB67D4ilnfM3&#038;oh=00_Af2Ei4VtC9L1MtnhqxTW81BnS1h7_04n6oGgDacjXiMMlQ&#038;oe=69F7C3E0\" alt=\"Ehre, wem Ehre geb\u00fchrt. Auch ohne Nicki-Pullover \ud83d\ude09 Gro\u00dfer Bahnhof heute f\u00fcr unseren \u00e4ltesten aktiven Ruderer, Hans Metzger.  Zum 90. (!) Geburtstag gab\u2019s vor der all-dienst\u00e4glichen Ausfahrt Sekt - und Vesper im Anschluss \ud83e\udd42\ud83e\udd42\ud83d\udea3\ud83d\udea3\u200d\u2640\ufe0f\n\nMehr als 30 KameradInnen zwischen 14 und 84 lie\u00dfen es sich nicht nehmen mit Hans zu sporteln - nat\u00fcrlich durfte Hans seinen 8x steuern - und zu feiern. \n\nUnd am Ende des Abends l\u00fcftete Vorstand @dieter_von_der_kall noch ein Geheimnis: der im Herbst eintreffende Gig4x+ von Schellenbacher wird #Hans getauft \ud83c\udf89 \n\n#krvfamilie #vorbild #intergenerations\n\ud83d\udcf8 @daniel.f.nagl\"\/><div class=\"swiper-lazy-preloader swiper-lazy-preloader-white\"><\/div><\/div><div class=\"swiper-slide wpz-insta-album-image\" data-media-type=\"image\"><img class=\"wpzoom-swiper-image swiper-lazy\" data-src=\"https:\/\/scontent-fra5-2.cdninstagram.com\/v\/t51.82787-15\/681631240_18069101186659643_7716955137548412971_n.jpg?stp=dst-jpg_e35_tt6&#038;_nc_cat=106&#038;ccb=7-5&#038;_nc_sid=18de74&#038;efg=eyJlZmdfdGFnIjoiQ0FST1VTRUxfSVRFTS5iZXN0X2ltYWdlX3VybGdlbi5DMyJ9&#038;_nc_ohc=LGjVxcfh5QEQ7kNvwGpKtl3&#038;_nc_oc=AdoSAAP2MUEs25dUKb_mp1l5wK5YtiKAP2huf1WR0LkkIqptJH35qo2qx3m0bT5iO_8897fxU5nUKwM9B4Rc9HRJ&#038;_nc_zt=23&#038;_nc_ht=scontent-fra5-2.cdninstagram.com&#038;edm=ANo9K5cEAAAA&#038;_nc_gid=blT_y2bS5UO599N0eLqYDw&#038;_nc_tpa=Q5bMBQHLVnxISoZqWB5jUggX6B8dZVhOEpSABecd_4xzUmJSN9AvzKeHhCNj8aBI8INRdlXJSIv7lxU6&#038;oh=00_Af1iU3uo8Qplh3lJfO74C_C-LTPZAtyIqwT4FI1IxEG6QQ&#038;oe=69F799BF\" alt=\"Ehre, wem Ehre geb\u00fchrt. Auch ohne Nicki-Pullover \ud83d\ude09 Gro\u00dfer Bahnhof heute f\u00fcr unseren \u00e4ltesten aktiven Ruderer, Hans Metzger.  Zum 90. (!) Geburtstag gab\u2019s vor der all-dienst\u00e4glichen Ausfahrt Sekt - und Vesper im Anschluss \ud83e\udd42\ud83e\udd42\ud83d\udea3\ud83d\udea3\u200d\u2640\ufe0f\n\nMehr als 30 KameradInnen zwischen 14 und 84 lie\u00dfen es sich nicht nehmen mit Hans zu sporteln - nat\u00fcrlich durfte Hans seinen 8x steuern - und zu feiern. \n\nUnd am Ende des Abends l\u00fcftete Vorstand @dieter_von_der_kall noch ein Geheimnis: der im Herbst eintreffende Gig4x+ von Schellenbacher wird #Hans getauft \ud83c\udf89 \n\n#krvfamilie #vorbild #intergenerations\n\ud83d\udcf8 @daniel.f.nagl\"\/><div class=\"swiper-lazy-preloader swiper-lazy-preloader-white\"><\/div><\/div><div class=\"swiper-slide wpz-insta-album-image\" data-media-type=\"image\"><img class=\"wpzoom-swiper-image swiper-lazy\" data-src=\"https:\/\/scontent-fra5-2.cdninstagram.com\/v\/t51.82787-15\/657926601_18069101159659643_1412709538435883786_n.jpg?stp=dst-jpg_e35_tt6&#038;_nc_cat=106&#038;ccb=7-5&#038;_nc_sid=18de74&#038;efg=eyJlZmdfdGFnIjoiQ0FST1VTRUxfSVRFTS5iZXN0X2ltYWdlX3VybGdlbi5DMyJ9&#038;_nc_ohc=yL8Y7BUV8woQ7kNvwHf0luM&#038;_nc_oc=Adro5tb8nNsJ-61GFf1sllz2a2NKN7yppu8Mc9IrHx-r7BXDnT0ihkyzQ9vjCYYiav6mMnELVML0HavIi4Bz2s6Y&#038;_nc_zt=23&#038;_nc_ht=scontent-fra5-2.cdninstagram.com&#038;edm=ANo9K5cEAAAA&#038;_nc_gid=blT_y2bS5UO599N0eLqYDw&#038;_nc_tpa=Q5bMBQHnIXAuC6ouFJmbc8rnFGZX0-gL-MejEwqCCey3ufZDNhxZ5aQylKeBF02weLxSZmbOVezuRTjF&#038;oh=00_Af1834Xh1cn0mw4Xs-7H6kpEH0434zHprcMFUVe4DqXltQ&#038;oe=69F78EF5\" alt=\"Ehre, wem Ehre geb\u00fchrt. Auch ohne Nicki-Pullover \ud83d\ude09 Gro\u00dfer Bahnhof heute f\u00fcr unseren \u00e4ltesten aktiven Ruderer, Hans Metzger.  Zum 90. (!) Geburtstag gab\u2019s vor der all-dienst\u00e4glichen Ausfahrt Sekt - und Vesper im Anschluss \ud83e\udd42\ud83e\udd42\ud83d\udea3\ud83d\udea3\u200d\u2640\ufe0f\n\nMehr als 30 KameradInnen zwischen 14 und 84 lie\u00dfen es sich nicht nehmen mit Hans zu sporteln - nat\u00fcrlich durfte Hans seinen 8x steuern - und zu feiern. \n\nUnd am Ende des Abends l\u00fcftete Vorstand @dieter_von_der_kall noch ein Geheimnis: der im Herbst eintreffende Gig4x+ von Schellenbacher wird #Hans getauft \ud83c\udf89 \n\n#krvfamilie #vorbild #intergenerations\n\ud83d\udcf8 @daniel.f.nagl\"\/><div class=\"swiper-lazy-preloader swiper-lazy-preloader-white\"><\/div><\/div><div class=\"swiper-slide wpz-insta-album-image\" data-media-type=\"image\"><img class=\"wpzoom-swiper-image swiper-lazy\" data-src=\"https:\/\/scontent-fra3-1.cdninstagram.com\/v\/t51.82787-15\/681485126_18069101174659643_7932127201158491866_n.jpg?stp=dst-jpg_e35_tt6&#038;_nc_cat=103&#038;ccb=7-5&#038;_nc_sid=18de74&#038;efg=eyJlZmdfdGFnIjoiQ0FST1VTRUxfSVRFTS5iZXN0X2ltYWdlX3VybGdlbi5DMyJ9&#038;_nc_ohc=e4Yx_6OwvpQQ7kNvwFK2ydy&#038;_nc_oc=AdpJVjd22fhOXs2dDAiZTgHERMm9oOQM2GcUQPvuJ5BGGtPGLt2QwwdIXTTBtZMrAvoBjFwmdwN1CQk9qKbKSrrD&#038;_nc_zt=23&#038;_nc_ht=scontent-fra3-1.cdninstagram.com&#038;edm=ANo9K5cEAAAA&#038;_nc_gid=blT_y2bS5UO599N0eLqYDw&#038;_nc_tpa=Q5bMBQF_fQDNok4_Me2CeKuxeO-3pKpBBDg7fQ8XJYKl_UJ_Tont3ibKAjMAia30FK2RLJL98KyRB-H3&#038;oh=00_Af267-kgqyibhyn39tFUVvnvc6AoF5FJx0DEPqzI1A09kA&#038;oe=69F7BEAE\" alt=\"Ehre, wem Ehre geb\u00fchrt. Auch ohne Nicki-Pullover \ud83d\ude09 Gro\u00dfer Bahnhof heute f\u00fcr unseren \u00e4ltesten aktiven Ruderer, Hans Metzger.  Zum 90. (!) Geburtstag gab\u2019s vor der all-dienst\u00e4glichen Ausfahrt Sekt - und Vesper im Anschluss \ud83e\udd42\ud83e\udd42\ud83d\udea3\ud83d\udea3\u200d\u2640\ufe0f\n\nMehr als 30 KameradInnen zwischen 14 und 84 lie\u00dfen es sich nicht nehmen mit Hans zu sporteln - nat\u00fcrlich durfte Hans seinen 8x steuern - und zu feiern. \n\nUnd am Ende des Abends l\u00fcftete Vorstand @dieter_von_der_kall noch ein Geheimnis: der im Herbst eintreffende Gig4x+ von Schellenbacher wird #Hans getauft \ud83c\udf89 \n\n#krvfamilie #vorbild #intergenerations\n\ud83d\udcf8 @daniel.f.nagl\"\/><div class=\"swiper-lazy-preloader swiper-lazy-preloader-white\"><\/div><\/div><div class=\"swiper-slide wpz-insta-album-image\" data-media-type=\"image\"><img class=\"wpzoom-swiper-image swiper-lazy\" data-src=\"https:\/\/scontent-fra5-1.cdninstagram.com\/v\/t51.82787-15\/681485126_18069101201659643_4085424634578692028_n.jpg?stp=dst-jpg_e35_tt6&#038;_nc_cat=110&#038;ccb=7-5&#038;_nc_sid=18de74&#038;efg=eyJlZmdfdGFnIjoiQ0FST1VTRUxfSVRFTS5iZXN0X2ltYWdlX3VybGdlbi5DMyJ9&#038;_nc_ohc=ULGX1_OX4bYQ7kNvwHqPFxO&#038;_nc_oc=AdrmHNOsrUHV9ZHXmd4eRoCeErq0nUsocV53KEV8LBYeoMKLEkuoDJQTLCd95J-eGoWtrhIX76HZQ26E26uLmL2b&#038;_nc_zt=23&#038;_nc_ht=scontent-fra5-1.cdninstagram.com&#038;edm=ANo9K5cEAAAA&#038;_nc_gid=blT_y2bS5UO599N0eLqYDw&#038;_nc_tpa=Q5bMBQHlz-p78XHHoIWY_iBDAE6afajS9bupFFuVVIlN6zq21Ue1SjUyT0QboxrRK08MwlVW-76yp0_H&#038;oh=00_Af0hUZdixacE7Tq0k8U2soZLCpN_tVT1UVxdVtRxUKR2Gw&#038;oe=69F795AE\" alt=\"Ehre, wem Ehre geb\u00fchrt. Auch ohne Nicki-Pullover \ud83d\ude09 Gro\u00dfer Bahnhof heute f\u00fcr unseren \u00e4ltesten aktiven Ruderer, Hans Metzger.  Zum 90. (!) Geburtstag gab\u2019s vor der all-dienst\u00e4glichen Ausfahrt Sekt - und Vesper im Anschluss \ud83e\udd42\ud83e\udd42\ud83d\udea3\ud83d\udea3\u200d\u2640\ufe0f\n\nMehr als 30 KameradInnen zwischen 14 und 84 lie\u00dfen es sich nicht nehmen mit Hans zu sporteln - nat\u00fcrlich durfte Hans seinen 8x steuern - und zu feiern. \n\nUnd am Ende des Abends l\u00fcftete Vorstand @dieter_von_der_kall noch ein Geheimnis: der im Herbst eintreffende Gig4x+ von Schellenbacher wird #Hans getauft \ud83c\udf89 \n\n#krvfamilie #vorbild #intergenerations\n\ud83d\udcf8 @daniel.f.nagl\"\/><div class=\"swiper-lazy-preloader swiper-lazy-preloader-white\"><\/div><\/div><div class=\"swiper-slide wpz-insta-album-image\" data-media-type=\"image\"><img class=\"wpzoom-swiper-image swiper-lazy\" data-src=\"https:\/\/scontent-fra5-2.cdninstagram.com\/v\/t51.82787-15\/684846458_18069101204659643_2910910975546565475_n.jpg?stp=dst-jpg_e35_tt6&#038;_nc_cat=109&#038;ccb=7-5&#038;_nc_sid=18de74&#038;efg=eyJlZmdfdGFnIjoiQ0FST1VTRUxfSVRFTS5iZXN0X2ltYWdlX3VybGdlbi5DMyJ9&#038;_nc_ohc=yEpJyLmyQcYQ7kNvwEVfc1z&#038;_nc_oc=Adp-zXP3qyotmi_Ue7DJOh-U6D9raxHzYxE_TaemYsVWp_9m7ReEgOpoNlRwWGTGyYF6hU4iQkPyfsokfMgBWORp&#038;_nc_zt=23&#038;_nc_ht=scontent-fra5-2.cdninstagram.com&#038;edm=ANo9K5cEAAAA&#038;_nc_gid=blT_y2bS5UO599N0eLqYDw&#038;_nc_tpa=Q5bMBQG1v4Bd7tTQSQZV3PdumjZYrZ0X886q8k3SYn5uGAYI3iIhtEMzuXkcJ-8R32szGq0Dz-9uG81w&#038;oh=00_Af2Xoi_Co2Mx7DwX60Q0TgGoehsIB93GN_vE6SRucilZeg&#038;oe=69F7B2BB\" alt=\"Ehre, wem Ehre geb\u00fchrt. Auch ohne Nicki-Pullover \ud83d\ude09 Gro\u00dfer Bahnhof heute f\u00fcr unseren \u00e4ltesten aktiven Ruderer, Hans Metzger.  Zum 90. (!) Geburtstag gab\u2019s vor der all-dienst\u00e4glichen Ausfahrt Sekt - und Vesper im Anschluss \ud83e\udd42\ud83e\udd42\ud83d\udea3\ud83d\udea3\u200d\u2640\ufe0f\n\nMehr als 30 KameradInnen zwischen 14 und 84 lie\u00dfen es sich nicht nehmen mit Hans zu sporteln - nat\u00fcrlich durfte Hans seinen 8x steuern - und zu feiern. \n\nUnd am Ende des Abends l\u00fcftete Vorstand @dieter_von_der_kall noch ein Geheimnis: der im Herbst eintreffende Gig4x+ von Schellenbacher wird #Hans getauft \ud83c\udf89 \n\n#krvfamilie #vorbild #intergenerations\n\ud83d\udcf8 @daniel.f.nagl\"\/><div class=\"swiper-lazy-preloader swiper-lazy-preloader-white\"><\/div><\/div><\/div><div class=\"swiper-pagination\"><\/div><div class=\"swiper-button-prev\"><\/div><div class=\"swiper-button-next\"><\/div><\/div><\/div>\n\t\t\t\t\t<div class=\"details-wrapper\">\n\t\t\t\t\t<div class=\"wpz-insta-header\">\n\t\t\t\t\t\t<div class=\"wpz-insta-avatar\">\n\t\t\t\t\t\t\t<img loading=\"lazy\" decoding=\"async\" src=\"https:\/\/krv1897.de\/wp-content\/uploads\/2023\/02\/272921988_119232327288864_5684798976050741297_n-150x150.jpg\" alt=\"@krv1897\" width=\"42\" height=\"42\"\/>\n\t\t\t\t\t\t<\/div>\n\t\t\t\t\t\t<div class=\"wpz-insta-buttons\">\n\t\t\t\t\t\t\t<div class=\"wpz-insta-username\">\n\t\t\t\t\t\t\t\t<a rel=\"noopener\" target=\"_blank\" href=\"https:\/\/instagram.com\/krv1897\">@krv1897<\/a>\n\t\t\t\t\t\t\t<\/div>\n\t\t\t\t\t\t\t<div>&bull;<\/div>\n\t\t\t\t\t\t\t<div class=\"wpz-insta-follow\">\n\t\t\t\t\t\t\t\t<a target=\"_blank\" rel=\"noopener\"\n\t\t\t\t\t\t\t\thref=\"https:\/\/instagram.com\/krv1897?ref=badge\">\n\t\t\t\t\t\t\t\t\tFollow\n\t\t\t\t\t\t\t\t<\/a>\n\t\t\t\t\t\t\t<\/div>\n\t\t\t\t\t\t<\/div>\n\t\t\t\t\t<\/div><div class=\"wpz-insta-caption\">Ehre, wem Ehre geb\u00fchrt. Auch ohne Nicki-Pullover \ud83d\ude09 Gro\u00dfer Bahnhof heute f\u00fcr unseren \u00e4ltesten aktiven Ruderer, Hans Metzger.  Zum 90. (!) Geburtstag gab\u2019s vor der all-dienst\u00e4glichen Ausfahrt Sekt - und Vesper im Anschluss \ud83e\udd42\ud83e\udd42\ud83d\udea3\ud83d\udea3\u200d\u2640\ufe0f\n\nMehr als 30 KameradInnen zwischen 14 und 84 lie\u00dfen es sich nicht nehmen mit Hans zu sporteln - nat\u00fcrlich durfte Hans seinen 8x steuern - und zu feiern. \n\nUnd am Ende des Abends l\u00fcftete Vorstand @dieter_von_der_kall noch ein Geheimnis: der im Herbst eintreffende Gig4x+ von Schellenbacher wird #Hans getauft \ud83c\udf89 \n\n#krvfamilie #vorbild #intergenerations\n\ud83d\udcf8 @daniel.f.nagl<\/div><div class=\"wpz-insta-date\">1\u00a0Tag ago<\/div><div class=\"view-post\">\n\t\t\t\t\t<a href=\"https:\/\/www.instagram.com\/p\/DXsSnlLCFHB\/\" target=\"_blank\" rel=\"noopener\"><span class=\"dashicons dashicons-instagram\"><\/span>View on Instagram<\/a>\n\t\t\t\t\t<span class=\"delimiter\">|<\/span>\n\t\t\t\t\t<div class=\"wpz-insta-pagination\">1\/9<\/div>\n\t\t\t\t\t<\/div><\/div><\/div><\/div><div data-uid=\"17904697833412032\" class=\"swiper-slide wpz-insta-lightbox-item\"><div class=\"wpz-insta-lightbox\"><div class=\"image-wrapper\"><img class=\"wpzoom-swiper-image swiper-lazy\" data-src=\"https:\/\/krv1897.de\/wp-content\/uploads\/2023\/02\/681292609_18069038222659643_974562681424788382_n.jpg\" alt=\"90 Lenzen jung. Seit 73 Jahren rudernd auf dem Main - und anderswo. Dabei schon mehrfach um die Welt: Chapeau, Hans! #jungbrunnenrudern\n\nW\u00fcrdigung auf www.krv1897.de oder in der Aprilausgabe des @rudersport_magazin\"\/><div class=\"swiper-lazy-preloader swiper-lazy-preloader-white\"><\/div><\/div>\n\t\t\t\t\t<div class=\"details-wrapper\">\n\t\t\t\t\t<div class=\"wpz-insta-header\">\n\t\t\t\t\t\t<div class=\"wpz-insta-avatar\">\n\t\t\t\t\t\t\t<img loading=\"lazy\" decoding=\"async\" src=\"https:\/\/krv1897.de\/wp-content\/uploads\/2023\/02\/272921988_119232327288864_5684798976050741297_n-150x150.jpg\" alt=\"@krv1897\" width=\"42\" height=\"42\"\/>\n\t\t\t\t\t\t<\/div>\n\t\t\t\t\t\t<div class=\"wpz-insta-buttons\">\n\t\t\t\t\t\t\t<div class=\"wpz-insta-username\">\n\t\t\t\t\t\t\t\t<a rel=\"noopener\" target=\"_blank\" href=\"https:\/\/instagram.com\/krv1897\">@krv1897<\/a>\n\t\t\t\t\t\t\t<\/div>\n\t\t\t\t\t\t\t<div>&bull;<\/div>\n\t\t\t\t\t\t\t<div class=\"wpz-insta-follow\">\n\t\t\t\t\t\t\t\t<a target=\"_blank\" rel=\"noopener\"\n\t\t\t\t\t\t\t\thref=\"https:\/\/instagram.com\/krv1897?ref=badge\">\n\t\t\t\t\t\t\t\t\tFollow\n\t\t\t\t\t\t\t\t<\/a>\n\t\t\t\t\t\t\t<\/div>\n\t\t\t\t\t\t<\/div>\n\t\t\t\t\t<\/div><div class=\"wpz-insta-caption\">90 Lenzen jung. Seit 73 Jahren rudernd auf dem Main - und anderswo. Dabei schon mehrfach um die Welt: Chapeau, Hans! #jungbrunnenrudern\n\nW\u00fcrdigung auf www.krv1897.de oder in der Aprilausgabe des @rudersport_magazin<\/div><div class=\"wpz-insta-date\">2\u00a0Tagen ago<\/div><div class=\"view-post\">\n\t\t\t\t\t<a href=\"https:\/\/www.instagram.com\/p\/DXrG4tAiO8P\/\" target=\"_blank\" rel=\"noopener\"><span class=\"dashicons dashicons-instagram\"><\/span>View on Instagram<\/a>\n\t\t\t\t\t<span class=\"delimiter\">|<\/span>\n\t\t\t\t\t<div class=\"wpz-insta-pagination\">2\/9<\/div>\n\t\t\t\t\t<\/div><\/div><\/div><\/div><div data-uid=\"18085812536065203\" class=\"swiper-slide wpz-insta-lightbox-item\"><div class=\"wpz-insta-lightbox\"><div class=\"image-wrapper\"><img class=\"wpzoom-swiper-image swiper-lazy\" data-src=\"https:\/\/krv1897.de\/wp-content\/uploads\/2023\/02\/673825608_18067647350659643_2365796362942892877_n.jpg\" alt=\"Fr\u00fchling! L\u00e4ngere Ruderabende! Und warmes Licht (und kalte Getr\u00e4nke), wenn man von Wasser geht \ud83d\ude0d\n#lebensqualit\u00e4t\"\/><div class=\"swiper-lazy-preloader swiper-lazy-preloader-white\"><\/div><\/div>\n\t\t\t\t\t<div class=\"details-wrapper\">\n\t\t\t\t\t<div class=\"wpz-insta-header\">\n\t\t\t\t\t\t<div class=\"wpz-insta-avatar\">\n\t\t\t\t\t\t\t<img loading=\"lazy\" decoding=\"async\" src=\"https:\/\/krv1897.de\/wp-content\/uploads\/2023\/02\/272921988_119232327288864_5684798976050741297_n-150x150.jpg\" alt=\"@krv1897\" width=\"42\" height=\"42\"\/>\n\t\t\t\t\t\t<\/div>\n\t\t\t\t\t\t<div class=\"wpz-insta-buttons\">\n\t\t\t\t\t\t\t<div class=\"wpz-insta-username\">\n\t\t\t\t\t\t\t\t<a rel=\"noopener\" target=\"_blank\" href=\"https:\/\/instagram.com\/krv1897\">@krv1897<\/a>\n\t\t\t\t\t\t\t<\/div>\n\t\t\t\t\t\t\t<div>&bull;<\/div>\n\t\t\t\t\t\t\t<div class=\"wpz-insta-follow\">\n\t\t\t\t\t\t\t\t<a target=\"_blank\" rel=\"noopener\"\n\t\t\t\t\t\t\t\thref=\"https:\/\/instagram.com\/krv1897?ref=badge\">\n\t\t\t\t\t\t\t\t\tFollow\n\t\t\t\t\t\t\t\t<\/a>\n\t\t\t\t\t\t\t<\/div>\n\t\t\t\t\t\t<\/div>\n\t\t\t\t\t<\/div><div class=\"wpz-insta-caption\">Fr\u00fchling! L\u00e4ngere Ruderabende! Und warmes Licht (und kalte Getr\u00e4nke), wenn man von Wasser geht \ud83d\ude0d\n#lebensqualit\u00e4t<\/div><div class=\"wpz-insta-date\">2\u00a0Wochen ago<\/div><div class=\"view-post\">\n\t\t\t\t\t<a href=\"https:\/\/www.instagram.com\/p\/DXPjYp3CJQt\/\" target=\"_blank\" rel=\"noopener\"><span class=\"dashicons dashicons-instagram\"><\/span>View on Instagram<\/a>\n\t\t\t\t\t<span class=\"delimiter\">|<\/span>\n\t\t\t\t\t<div class=\"wpz-insta-pagination\">3\/9<\/div>\n\t\t\t\t\t<\/div><\/div><\/div><\/div><div data-uid=\"17986273409986023\" class=\"swiper-slide wpz-insta-lightbox-item\"><div class=\"wpz-insta-lightbox\"><div class=\"image-wrapper\"><div class=\"swiper\" style=\"height: 100%;\"><div class=\"swiper-wrapper wpz-insta-album-images\"><div class=\"swiper-slide wpz-insta-album-image\" data-media-type=\"image\"><img class=\"wpzoom-swiper-image swiper-lazy\" data-src=\"https:\/\/scontent-fra3-1.cdninstagram.com\/v\/t51.82787-15\/669565290_18066779498659643_7463193516874291570_n.jpg?stp=dst-jpg_e35_tt6&#038;_nc_cat=103&#038;ccb=7-5&#038;_nc_sid=18de74&#038;efg=eyJlZmdfdGFnIjoiQ0FST1VTRUxfSVRFTS5iZXN0X2ltYWdlX3VybGdlbi5DMyJ9&#038;_nc_ohc=zGYkBGQB9KkQ7kNvwF83MXu&#038;_nc_oc=AdqHGL9jWgHIU8HbN31BezEQT29DgkXsrItDz_VLalEgiTzXGHDiff-wMejEVWOxNyzMpK_abhksp4ie4Hqx-a-c&#038;_nc_zt=23&#038;_nc_ht=scontent-fra3-1.cdninstagram.com&#038;edm=ANo9K5cEAAAA&#038;_nc_gid=blT_y2bS5UO599N0eLqYDw&#038;_nc_tpa=Q5bMBQEq5OWsSWZEwlHgonW68g8g-P8b30wZTVIT1u64e5-wRnlGmiMfuXGFEJ8FaFUkn3__DpjAQXud&#038;oh=00_Af1m4IuGiVkEt1Iy-MoOwk7qSQUD94azh4TFFgckDtL0hw&#038;oe=69F7B9AC\" alt=\"Heute ein bisschen (Trink-)Kultur bei @caves.byrrh in Thuir \ud83c\udf78\"\/><div class=\"swiper-lazy-preloader swiper-lazy-preloader-white\"><\/div><\/div><div class=\"swiper-slide wpz-insta-album-image\" data-media-type=\"image\"><img class=\"wpzoom-swiper-image swiper-lazy\" data-src=\"https:\/\/scontent-fra5-2.cdninstagram.com\/v\/t51.82787-15\/670653597_18066779510659643_7429099496165729067_n.jpg?stp=dst-jpg_e35_tt6&#038;_nc_cat=106&#038;ccb=7-5&#038;_nc_sid=18de74&#038;efg=eyJlZmdfdGFnIjoiQ0FST1VTRUxfSVRFTS5iZXN0X2ltYWdlX3VybGdlbi5DMyJ9&#038;_nc_ohc=-L9wHnRgkzIQ7kNvwGiQ2tR&#038;_nc_oc=AdphTAUNlMOAaTA6uLzabLIwv5XJrMx5U4FWzgOhgBZ3oTDDVKjfqQsIa0G2TAHEZbPokyEXdvP-eq0eoDVhd6Uv&#038;_nc_zt=23&#038;_nc_ht=scontent-fra5-2.cdninstagram.com&#038;edm=ANo9K5cEAAAA&#038;_nc_gid=blT_y2bS5UO599N0eLqYDw&#038;_nc_tpa=Q5bMBQHs4b3LFgi2HVZNpmUccggD-5G1GfzdFnw5EOfwcWBJeNkObeuoLKe4i6Cp_7GfDEE0N9AhUlnw&#038;oh=00_Af3xWDJ21z4X5T3Tp0D56QA7Hhy6p9WbzmWQdLGrSHd6Rg&#038;oe=69F795A0\" alt=\"Heute ein bisschen (Trink-)Kultur bei @caves.byrrh in Thuir \ud83c\udf78\"\/><div class=\"swiper-lazy-preloader swiper-lazy-preloader-white\"><\/div><\/div><div class=\"swiper-slide wpz-insta-album-image\" data-media-type=\"image\"><img class=\"wpzoom-swiper-image swiper-lazy\" data-src=\"https:\/\/scontent-fra3-1.cdninstagram.com\/v\/t51.82787-15\/662053325_18066779519659643_5921920736748728903_n.jpg?stp=dst-jpg_e35_tt6&#038;_nc_cat=101&#038;ccb=7-5&#038;_nc_sid=18de74&#038;efg=eyJlZmdfdGFnIjoiQ0FST1VTRUxfSVRFTS5iZXN0X2ltYWdlX3VybGdlbi5DMyJ9&#038;_nc_ohc=r1dq3Y0AeWwQ7kNvwH9Qfnb&#038;_nc_oc=AdpeO32LcDNe2h_5nylMYLcTxGdgX7Mcto1KRCkTqqZMNYMHjBxapd2cTGcxn0eqNCNIsfkiGqqZJhS2II_Rl1E6&#038;_nc_zt=23&#038;_nc_ht=scontent-fra3-1.cdninstagram.com&#038;edm=ANo9K5cEAAAA&#038;_nc_gid=blT_y2bS5UO599N0eLqYDw&#038;_nc_tpa=Q5bMBQGOJ4ptfTQCQy-7uSTpecyJ1hsCCjgJm3rUPEU2i5LFbAAWzPWKcjDRrdEFmtSWdGNFORPxUHCq&#038;oh=00_Af1YH308NXEZFLYAhTayYNJvAPuRCTAK8YhlNgtwfqH6Rw&#038;oe=69F7A3B0\" alt=\"Heute ein bisschen (Trink-)Kultur bei @caves.byrrh in Thuir \ud83c\udf78\"\/><div class=\"swiper-lazy-preloader swiper-lazy-preloader-white\"><\/div><\/div><div class=\"swiper-slide wpz-insta-album-image\" data-media-type=\"image\"><img class=\"wpzoom-swiper-image swiper-lazy\" data-src=\"https:\/\/scontent-fra5-1.cdninstagram.com\/v\/t51.82787-15\/670566775_18066779528659643_5665938250882218740_n.jpg?stp=dst-jpg_e35_tt6&#038;_nc_cat=100&#038;ccb=7-5&#038;_nc_sid=18de74&#038;efg=eyJlZmdfdGFnIjoiQ0FST1VTRUxfSVRFTS5iZXN0X2ltYWdlX3VybGdlbi5DMyJ9&#038;_nc_ohc=GZk4tIRQ6sgQ7kNvwHn09HN&#038;_nc_oc=AdryJ2Wpvg6uK9w9R-gJucXV7T0HkJMmgpIYVp_sD5REhBarC9xQ32wSzn-zcyn8KXGrTroCVMcUw2u7RZJph44n&#038;_nc_zt=23&#038;_nc_ht=scontent-fra5-1.cdninstagram.com&#038;edm=ANo9K5cEAAAA&#038;_nc_gid=blT_y2bS5UO599N0eLqYDw&#038;_nc_tpa=Q5bMBQHmEUlfhDvgqiyMTRAPKmK0ISsrmECQLnioLu9Ku3bZt1ELwjEjGKNgcHkGSrWtdu3eK3HF3sE7&#038;oh=00_Af0lKDfR4bXcfSKWRhDh9D_gqYEh-2pzX7JDYdQt6QHq2Q&#038;oe=69F7A26A\" alt=\"Heute ein bisschen (Trink-)Kultur bei @caves.byrrh in Thuir \ud83c\udf78\"\/><div class=\"swiper-lazy-preloader swiper-lazy-preloader-white\"><\/div><\/div><div class=\"swiper-slide wpz-insta-album-image\" data-media-type=\"image\"><img class=\"wpzoom-swiper-image swiper-lazy\" data-src=\"https:\/\/scontent-fra3-1.cdninstagram.com\/v\/t51.82787-15\/670248014_18066779537659643_747662779390462313_n.jpg?stp=dst-jpg_e35_tt6&#038;_nc_cat=103&#038;ccb=7-5&#038;_nc_sid=18de74&#038;efg=eyJlZmdfdGFnIjoiQ0FST1VTRUxfSVRFTS5iZXN0X2ltYWdlX3VybGdlbi5DMyJ9&#038;_nc_ohc=vsFigfMWVoMQ7kNvwGFCdCk&#038;_nc_oc=Adrlr2jeOOEtN5Rizs6iNAuhzaaixk19tuidS1uiU2M6kp3cvMrO2g-dLNegYCAHSw5UnIZA0cbc427tz19Fd21Z&#038;_nc_zt=23&#038;_nc_ht=scontent-fra3-1.cdninstagram.com&#038;edm=ANo9K5cEAAAA&#038;_nc_gid=blT_y2bS5UO599N0eLqYDw&#038;_nc_tpa=Q5bMBQFnB5KAsOE06w4a8mgJVYw6PlIoVyi5XPPKCytSqE8mtkuod-5DfCM_XWNN9GWv2tfyjsUTrdnr&#038;oh=00_Af3NXUPYPjB8ME39yZid3LNi8UA-DQHswV_spfMfyXa4dg&#038;oe=69F7C2EC\" alt=\"Heute ein bisschen (Trink-)Kultur bei @caves.byrrh in Thuir \ud83c\udf78\"\/><div class=\"swiper-lazy-preloader swiper-lazy-preloader-white\"><\/div><\/div><\/div><div class=\"swiper-pagination\"><\/div><div class=\"swiper-button-prev\"><\/div><div class=\"swiper-button-next\"><\/div><\/div><\/div>\n\t\t\t\t\t<div class=\"details-wrapper\">\n\t\t\t\t\t<div class=\"wpz-insta-header\">\n\t\t\t\t\t\t<div class=\"wpz-insta-avatar\">\n\t\t\t\t\t\t\t<img loading=\"lazy\" decoding=\"async\" src=\"https:\/\/krv1897.de\/wp-content\/uploads\/2023\/02\/272921988_119232327288864_5684798976050741297_n-150x150.jpg\" alt=\"@krv1897\" width=\"42\" height=\"42\"\/>\n\t\t\t\t\t\t<\/div>\n\t\t\t\t\t\t<div class=\"wpz-insta-buttons\">\n\t\t\t\t\t\t\t<div class=\"wpz-insta-username\">\n\t\t\t\t\t\t\t\t<a rel=\"noopener\" target=\"_blank\" href=\"https:\/\/instagram.com\/krv1897\">@krv1897<\/a>\n\t\t\t\t\t\t\t<\/div>\n\t\t\t\t\t\t\t<div>&bull;<\/div>\n\t\t\t\t\t\t\t<div class=\"wpz-insta-follow\">\n\t\t\t\t\t\t\t\t<a target=\"_blank\" rel=\"noopener\"\n\t\t\t\t\t\t\t\thref=\"https:\/\/instagram.com\/krv1897?ref=badge\">\n\t\t\t\t\t\t\t\t\tFollow\n\t\t\t\t\t\t\t\t<\/a>\n\t\t\t\t\t\t\t<\/div>\n\t\t\t\t\t\t<\/div>\n\t\t\t\t\t<\/div><div class=\"wpz-insta-caption\">Heute ein bisschen (Trink-)Kultur bei @caves.byrrh in Thuir \ud83c\udf78<\/div><div class=\"wpz-insta-date\">3\u00a0Wochen ago<\/div><div class=\"view-post\">\n\t\t\t\t\t<a href=\"https:\/\/www.instagram.com\/p\/DW8m41ICLf9\/\" target=\"_blank\" rel=\"noopener\"><span class=\"dashicons dashicons-instagram\"><\/span>View on Instagram<\/a>\n\t\t\t\t\t<span class=\"delimiter\">|<\/span>\n\t\t\t\t\t<div class=\"wpz-insta-pagination\">4\/9<\/div>\n\t\t\t\t\t<\/div><\/div><\/div><\/div><div data-uid=\"17948398785125186\" class=\"swiper-slide wpz-insta-lightbox-item\"><div class=\"wpz-insta-lightbox\"><div class=\"image-wrapper\"><div class=\"swiper\" style=\"height: 100%;\"><div class=\"swiper-wrapper wpz-insta-album-images\"><div class=\"swiper-slide wpz-insta-album-image\" data-media-type=\"image\"><img class=\"wpzoom-swiper-image swiper-lazy\" data-src=\"https:\/\/scontent-fra3-2.cdninstagram.com\/v\/t51.82787-15\/661248715_18066693113659643_5791773958098608783_n.jpg?stp=dst-jpg_e35_tt6&#038;_nc_cat=104&#038;ccb=7-5&#038;_nc_sid=18de74&#038;efg=eyJlZmdfdGFnIjoiQ0FST1VTRUxfSVRFTS5iZXN0X2ltYWdlX3VybGdlbi5DMyJ9&#038;_nc_ohc=Ps0nI4gNYYIQ7kNvwG_kV4K&#038;_nc_oc=AdqMSPZk2iiIuiXeG5l_DwB5ftpU3oGO3SSRUEsB-P5b--MJfZWu38zz1HL0Fwmo-WQpXuinSuadhTP2lVrAgIFn&#038;_nc_zt=23&#038;_nc_ht=scontent-fra3-2.cdninstagram.com&#038;edm=ANo9K5cEAAAA&#038;_nc_gid=blT_y2bS5UO599N0eLqYDw&#038;_nc_tpa=Q5bMBQF_RK4rh7ErmiRDraJrRzmmAABuoHi-kiTQYVhWk2MahQVThvwXonR8fIfi7F7Tf1Eiax5cJsLL&#038;oh=00_Af1E-59SB9WwC6PSnXxo2MBOacxoWcobJRm8c0vSKf8r7Q&#038;oe=69F7A99C\" alt=\"Was macht man als Ruderjugend, wenn es Anfang April 33C hat? Logisch! Man sucht sich einen Gebirgsbach und \u00fcbt Kaltwasser-Resistenz, weil daheim der Main erst 10C hat \ud83e\udd76\u270c\ud83c\udffb #anotherhike \ud83d\udc0f #viveleCanigou\"\/><div class=\"swiper-lazy-preloader swiper-lazy-preloader-white\"><\/div><\/div><div class=\"swiper-slide wpz-insta-album-image\" data-media-type=\"image\"><img class=\"wpzoom-swiper-image swiper-lazy\" data-src=\"https:\/\/scontent-fra3-2.cdninstagram.com\/v\/t51.82787-15\/669996084_18066693128659643_4127038510471767027_n.jpg?stp=dst-jpg_e35_tt6&#038;_nc_cat=111&#038;ccb=7-5&#038;_nc_sid=18de74&#038;efg=eyJlZmdfdGFnIjoiQ0FST1VTRUxfSVRFTS5iZXN0X2ltYWdlX3VybGdlbi5DMyJ9&#038;_nc_ohc=vQxXHyXs5ZwQ7kNvwG9K46j&#038;_nc_oc=AdoFCWefI-diB_TbtUQpaUdWnk6Zl7oK6EQNvqX0Y2696mLepSgyrfrdrXMzJCk6ddsqDYHxV4TZTHsETQEVQVLx&#038;_nc_zt=23&#038;_nc_ht=scontent-fra3-2.cdninstagram.com&#038;edm=ANo9K5cEAAAA&#038;_nc_gid=blT_y2bS5UO599N0eLqYDw&#038;_nc_tpa=Q5bMBQFNniNouftBDVlOLyYvR3lksDixgRJ5di5JbGabyYsp2Axh8QV0_SFM1Uk-Mjs_eXoyLzEwliv9&#038;oh=00_Af2uHWdgitjta77LmTTDYhR3cRTR-TrFePwEFMv3WulXBg&#038;oe=69F7A043\" alt=\"Was macht man als Ruderjugend, wenn es Anfang April 33C hat? Logisch! Man sucht sich einen Gebirgsbach und \u00fcbt Kaltwasser-Resistenz, weil daheim der Main erst 10C hat \ud83e\udd76\u270c\ud83c\udffb #anotherhike \ud83d\udc0f #viveleCanigou\"\/><div class=\"swiper-lazy-preloader swiper-lazy-preloader-white\"><\/div><\/div><div class=\"swiper-slide wpz-insta-album-image\" data-media-type=\"image\"><img class=\"wpzoom-swiper-image swiper-lazy\" data-src=\"https:\/\/scontent-fra3-1.cdninstagram.com\/v\/t51.82787-15\/669718219_18066693137659643_9096254812122540011_n.jpg?stp=dst-jpg_e35_tt6&#038;_nc_cat=103&#038;ccb=7-5&#038;_nc_sid=18de74&#038;efg=eyJlZmdfdGFnIjoiQ0FST1VTRUxfSVRFTS5iZXN0X2ltYWdlX3VybGdlbi5DMyJ9&#038;_nc_ohc=Vd1ht_Y-qMkQ7kNvwEcXMWF&#038;_nc_oc=AdopW08ek7W_P-VHUlev6zhOcp4zCUWfbG5-k79pudkHHwi7pHFXhjO8loE35JY6eED5ONMvUrIRhu9ZDDpmmXCG&#038;_nc_zt=23&#038;_nc_ht=scontent-fra3-1.cdninstagram.com&#038;edm=ANo9K5cEAAAA&#038;_nc_gid=blT_y2bS5UO599N0eLqYDw&#038;_nc_tpa=Q5bMBQGOWX59S7b17TsEIE1NFzMyk_Fp9j-eNDqSkIkSYLCSQMwRecmKQ3WNyqk2JIEEmppFTyb9Z2t4&#038;oh=00_Af050cRayjbfpJxR8aMn5KOSuIoNdclPBtLJCMwhbkaYVg&#038;oe=69F7B85E\" alt=\"Was macht man als Ruderjugend, wenn es Anfang April 33C hat? Logisch! Man sucht sich einen Gebirgsbach und \u00fcbt Kaltwasser-Resistenz, weil daheim der Main erst 10C hat \ud83e\udd76\u270c\ud83c\udffb #anotherhike \ud83d\udc0f #viveleCanigou\"\/><div class=\"swiper-lazy-preloader swiper-lazy-preloader-white\"><\/div><\/div><\/div><div class=\"swiper-pagination\"><\/div><div class=\"swiper-button-prev\"><\/div><div class=\"swiper-button-next\"><\/div><\/div><\/div>\n\t\t\t\t\t<div class=\"details-wrapper\">\n\t\t\t\t\t<div class=\"wpz-insta-header\">\n\t\t\t\t\t\t<div class=\"wpz-insta-avatar\">\n\t\t\t\t\t\t\t<img loading=\"lazy\" decoding=\"async\" src=\"https:\/\/krv1897.de\/wp-content\/uploads\/2023\/02\/272921988_119232327288864_5684798976050741297_n-150x150.jpg\" alt=\"@krv1897\" width=\"42\" height=\"42\"\/>\n\t\t\t\t\t\t<\/div>\n\t\t\t\t\t\t<div class=\"wpz-insta-buttons\">\n\t\t\t\t\t\t\t<div class=\"wpz-insta-username\">\n\t\t\t\t\t\t\t\t<a rel=\"noopener\" target=\"_blank\" href=\"https:\/\/instagram.com\/krv1897\">@krv1897<\/a>\n\t\t\t\t\t\t\t<\/div>\n\t\t\t\t\t\t\t<div>&bull;<\/div>\n\t\t\t\t\t\t\t<div class=\"wpz-insta-follow\">\n\t\t\t\t\t\t\t\t<a target=\"_blank\" rel=\"noopener\"\n\t\t\t\t\t\t\t\thref=\"https:\/\/instagram.com\/krv1897?ref=badge\">\n\t\t\t\t\t\t\t\t\tFollow\n\t\t\t\t\t\t\t\t<\/a>\n\t\t\t\t\t\t\t<\/div>\n\t\t\t\t\t\t<\/div>\n\t\t\t\t\t<\/div><div class=\"wpz-insta-caption\">Was macht man als Ruderjugend, wenn es Anfang April 33C hat? Logisch! Man sucht sich einen Gebirgsbach und \u00fcbt Kaltwasser-Resistenz, weil daheim der Main erst 10C hat \ud83e\udd76\u270c\ud83c\udffb #anotherhike \ud83d\udc0f #viveleCanigou<\/div><div class=\"wpz-insta-date\">3\u00a0Wochen ago<\/div><div class=\"view-post\">\n\t\t\t\t\t<a href=\"https:\/\/www.instagram.com\/p\/DW6nsZ2CPh3\/\" target=\"_blank\" rel=\"noopener\"><span class=\"dashicons dashicons-instagram\"><\/span>View on Instagram<\/a>\n\t\t\t\t\t<span class=\"delimiter\">|<\/span>\n\t\t\t\t\t<div class=\"wpz-insta-pagination\">5\/9<\/div>\n\t\t\t\t\t<\/div><\/div><\/div><\/div><div data-uid=\"18180934687383803\" class=\"swiper-slide wpz-insta-lightbox-item\"><div class=\"wpz-insta-lightbox\"><div class=\"image-wrapper\"><img class=\"wpzoom-swiper-image swiper-lazy\" data-src=\"https:\/\/krv1897.de\/wp-content\/uploads\/2023\/02\/662494033_18066600530659643_1312585015119497913_n.jpg\" alt=\"Outdooractive: 6km\/750hm = 2:30h. @krv_jugend.1897 : Challenge accepted! \ud83e\udd7e\ud83d\ude80\nNach 6km Barque en mer kleine 12km\/800hm Einheit zum Tour de la Massane. Am Ende mit Pause 3:30h statt 4:40h. Formkurve \ud83d\udcc8 Und @lorik.shala4 hat sich die imagin\u00e4re \u201eChamois du jour\u201c \ud83d\udc0f Plakette verdient \ud83d\udc4d\ud83c\udffb\"\/><div class=\"swiper-lazy-preloader swiper-lazy-preloader-white\"><\/div><\/div>\n\t\t\t\t\t<div class=\"details-wrapper\">\n\t\t\t\t\t<div class=\"wpz-insta-header\">\n\t\t\t\t\t\t<div class=\"wpz-insta-avatar\">\n\t\t\t\t\t\t\t<img loading=\"lazy\" decoding=\"async\" src=\"https:\/\/krv1897.de\/wp-content\/uploads\/2023\/02\/272921988_119232327288864_5684798976050741297_n-150x150.jpg\" alt=\"@krv1897\" width=\"42\" height=\"42\"\/>\n\t\t\t\t\t\t<\/div>\n\t\t\t\t\t\t<div class=\"wpz-insta-buttons\">\n\t\t\t\t\t\t\t<div class=\"wpz-insta-username\">\n\t\t\t\t\t\t\t\t<a rel=\"noopener\" target=\"_blank\" href=\"https:\/\/instagram.com\/krv1897\">@krv1897<\/a>\n\t\t\t\t\t\t\t<\/div>\n\t\t\t\t\t\t\t<div>&bull;<\/div>\n\t\t\t\t\t\t\t<div class=\"wpz-insta-follow\">\n\t\t\t\t\t\t\t\t<a target=\"_blank\" rel=\"noopener\"\n\t\t\t\t\t\t\t\thref=\"https:\/\/instagram.com\/krv1897?ref=badge\">\n\t\t\t\t\t\t\t\t\tFollow\n\t\t\t\t\t\t\t\t<\/a>\n\t\t\t\t\t\t\t<\/div>\n\t\t\t\t\t\t<\/div>\n\t\t\t\t\t<\/div><div class=\"wpz-insta-caption\">Outdooractive: 6km\/750hm = 2:30h. @krv_jugend.1897 : Challenge accepted! \ud83e\udd7e\ud83d\ude80\nNach 6km Barque en mer kleine 12km\/800hm Einheit zum Tour de la Massane. Am Ende mit Pause 3:30h statt 4:40h. Formkurve \ud83d\udcc8 Und @lorik.shala4 hat sich die imagin\u00e4re \u201eChamois du jour\u201c \ud83d\udc0f Plakette verdient \ud83d\udc4d\ud83c\udffb<\/div><div class=\"wpz-insta-date\">3\u00a0Wochen ago<\/div><div class=\"view-post\">\n\t\t\t\t\t<a href=\"https:\/\/www.instagram.com\/p\/DW4oqARiLBU\/\" target=\"_blank\" rel=\"noopener\"><span class=\"dashicons dashicons-instagram\"><\/span>View on Instagram<\/a>\n\t\t\t\t\t<span class=\"delimiter\">|<\/span>\n\t\t\t\t\t<div class=\"wpz-insta-pagination\">6\/9<\/div>\n\t\t\t\t\t<\/div><\/div><\/div><\/div><div data-uid=\"18174177001398961\" class=\"swiper-slide wpz-insta-lightbox-item\"><div class=\"wpz-insta-lightbox\"><div class=\"image-wrapper\"><div class=\"swiper\" style=\"height: 100%;\"><div class=\"swiper-wrapper wpz-insta-album-images\"><div class=\"swiper-slide wpz-insta-album-image\" data-media-type=\"image\"><img class=\"wpzoom-swiper-image swiper-lazy\" data-src=\"https:\/\/scontent-fra5-2.cdninstagram.com\/v\/t51.82787-15\/658767208_18066531698659643_8657804007791209630_n.jpg?stp=dst-jpg_e35_tt6&#038;_nc_cat=109&#038;ccb=7-5&#038;_nc_sid=18de74&#038;efg=eyJlZmdfdGFnIjoiQ0FST1VTRUxfSVRFTS5iZXN0X2ltYWdlX3VybGdlbi5DMyJ9&#038;_nc_ohc=yD3W2xl4W_EQ7kNvwHUcup6&#038;_nc_oc=AdrtORsOxDWzQOkG-iScOUywRZensWaaXAMcmY8D815jDceVFd2W7nFbHOc8-zizCw3-9Du_0zfuqbZ_-lIXH6A2&#038;_nc_zt=23&#038;_nc_ht=scontent-fra5-2.cdninstagram.com&#038;edm=ANo9K5cEAAAA&#038;_nc_gid=blT_y2bS5UO599N0eLqYDw&#038;_nc_tpa=Q5bMBQGeyGB0-fU7sIyzs7Nwfteqvt2-kt5K6hXbNN_A65GTcoiyQfuxqnyfSo_86rirrW3eD6tEo7YI&#038;oh=00_Af11rpscK6cKIlZX7GpDaNrvfts6cCLSMAuA9TOjH0qXeQ&#038;oe=69F7B011\" alt=\"Neue KRV-Abteilung coming? Peut-etre \u2026 haben uns jedenfalls gut ins Training der Castelliers in Prades integriert. Merci f\u00fcr die Aufnahme. Haben uns sogar in einem eigenen Turm versucht. Bild folgt \u2026\"\/><div class=\"swiper-lazy-preloader swiper-lazy-preloader-white\"><\/div><\/div><div class=\"swiper-slide wpz-insta-album-image\" data-media-type=\"image\"><img class=\"wpzoom-swiper-image swiper-lazy\" data-src=\"https:\/\/scontent-fra5-1.cdninstagram.com\/v\/t51.82787-15\/662018073_18066531692659643_5067672296180575957_n.jpg?stp=dst-jpg_e35_tt6&#038;_nc_cat=102&#038;ccb=7-5&#038;_nc_sid=18de74&#038;efg=eyJlZmdfdGFnIjoiQ0FST1VTRUxfSVRFTS5iZXN0X2ltYWdlX3VybGdlbi5DMyJ9&#038;_nc_ohc=jqtDCb57g2wQ7kNvwF_Zxfd&#038;_nc_oc=AdquazPtZlcmkQQI7WER6KVxBhAE5j2b-zu1MdutlvE-fP4z8Ntpt0YSog4pr2_mKdoEFq067M_0DFotpapGlUiq&#038;_nc_zt=23&#038;_nc_ht=scontent-fra5-1.cdninstagram.com&#038;edm=ANo9K5cEAAAA&#038;_nc_gid=blT_y2bS5UO599N0eLqYDw&#038;_nc_tpa=Q5bMBQGXshQaHXvedvnAtEZhPbkIXMG-DWpTGCy1alVkJVu_jya1Q6ozwPLnLAH5Z8Va7RFeZV2RAoqr&#038;oh=00_Af3YgCLxSTvMI6USiJ3Y_rlbe0F_eSC1EKO16sgrhWf2oA&#038;oe=69F7A0D3\" alt=\"Neue KRV-Abteilung coming? Peut-etre \u2026 haben uns jedenfalls gut ins Training der Castelliers in Prades integriert. Merci f\u00fcr die Aufnahme. Haben uns sogar in einem eigenen Turm versucht. Bild folgt \u2026\"\/><div class=\"swiper-lazy-preloader swiper-lazy-preloader-white\"><\/div><\/div><\/div><div class=\"swiper-pagination\"><\/div><div class=\"swiper-button-prev\"><\/div><div class=\"swiper-button-next\"><\/div><\/div><\/div>\n\t\t\t\t\t<div class=\"details-wrapper\">\n\t\t\t\t\t<div class=\"wpz-insta-header\">\n\t\t\t\t\t\t<div class=\"wpz-insta-avatar\">\n\t\t\t\t\t\t\t<img loading=\"lazy\" decoding=\"async\" src=\"https:\/\/krv1897.de\/wp-content\/uploads\/2023\/02\/272921988_119232327288864_5684798976050741297_n-150x150.jpg\" alt=\"@krv1897\" width=\"42\" height=\"42\"\/>\n\t\t\t\t\t\t<\/div>\n\t\t\t\t\t\t<div class=\"wpz-insta-buttons\">\n\t\t\t\t\t\t\t<div class=\"wpz-insta-username\">\n\t\t\t\t\t\t\t\t<a rel=\"noopener\" target=\"_blank\" href=\"https:\/\/instagram.com\/krv1897\">@krv1897<\/a>\n\t\t\t\t\t\t\t<\/div>\n\t\t\t\t\t\t\t<div>&bull;<\/div>\n\t\t\t\t\t\t\t<div class=\"wpz-insta-follow\">\n\t\t\t\t\t\t\t\t<a target=\"_blank\" rel=\"noopener\"\n\t\t\t\t\t\t\t\thref=\"https:\/\/instagram.com\/krv1897?ref=badge\">\n\t\t\t\t\t\t\t\t\tFollow\n\t\t\t\t\t\t\t\t<\/a>\n\t\t\t\t\t\t\t<\/div>\n\t\t\t\t\t\t<\/div>\n\t\t\t\t\t<\/div><div class=\"wpz-insta-caption\">Neue KRV-Abteilung coming? Peut-etre \u2026 haben uns jedenfalls gut ins Training der Castelliers in Prades integriert. Merci f\u00fcr die Aufnahme. Haben uns sogar in einem eigenen Turm versucht. Bild folgt \u2026<\/div><div class=\"wpz-insta-date\">3\u00a0Wochen ago<\/div><div class=\"view-post\">\n\t\t\t\t\t<a href=\"https:\/\/www.instagram.com\/p\/DW3MsOrCJfM\/\" target=\"_blank\" rel=\"noopener\"><span class=\"dashicons dashicons-instagram\"><\/span>View on Instagram<\/a>\n\t\t\t\t\t<span class=\"delimiter\">|<\/span>\n\t\t\t\t\t<div class=\"wpz-insta-pagination\">7\/9<\/div>\n\t\t\t\t\t<\/div><\/div><\/div><\/div><div data-uid=\"17898821517424388\" class=\"swiper-slide wpz-insta-lightbox-item\"><div class=\"wpz-insta-lightbox\"><div class=\"image-wrapper\"><div class=\"swiper\" style=\"height: 100%;\"><div class=\"swiper-wrapper wpz-insta-album-images\"><div class=\"swiper-slide wpz-insta-album-image\" data-media-type=\"image\"><img class=\"wpzoom-swiper-image swiper-lazy\" data-src=\"https:\/\/scontent-fra5-1.cdninstagram.com\/v\/t51.82787-15\/659501181_18066491420659643_8482823391179350727_n.jpg?stp=dst-jpg_e35_tt6&#038;_nc_cat=110&#038;ccb=7-5&#038;_nc_sid=18de74&#038;efg=eyJlZmdfdGFnIjoiQ0FST1VTRUxfSVRFTS5iZXN0X2ltYWdlX3VybGdlbi5DMyJ9&#038;_nc_ohc=FGjXK_wMXF0Q7kNvwEuS6s3&#038;_nc_oc=Adr9gZRmQdr1kUpbHskJToBXHqnRciIkZM146Eljs0Llb3659OxH4VnU11JT2__XJLnb2L1YT8jENs-D1IpBmxBP&#038;_nc_zt=23&#038;_nc_ht=scontent-fra5-1.cdninstagram.com&#038;edm=ANo9K5cEAAAA&#038;_nc_gid=blT_y2bS5UO599N0eLqYDw&#038;_nc_tpa=Q5bMBQEZvXAY4Obl6RL0mucAEJog9gQ0ikbj65phOicVsp48G3y_ihI5ls8XepJ20MjxOVc7HExP7cMh&#038;oh=00_Af28JX5rwAJTa5RS8VfmzYs4Vxi9YSAILtrq-2OW8EwyVw&#038;oe=69F7B288\" alt=\"Unsere @krv_jugend.1897 war heute bei @aviron_perpignan zu Gast. Merci \u00e0 Phillipe et Daniel f\u00fcr ihre Gastfreundschaft. Lasst die Bilder einfach auf euch wirken \u2600\ufe0f\ud83c\udfde\ufe0f\ud83d\udea3\ud83c\udffb\"\/><div class=\"swiper-lazy-preloader swiper-lazy-preloader-white\"><\/div><\/div><div class=\"swiper-slide wpz-insta-album-image\" data-media-type=\"image\"><img class=\"wpzoom-swiper-image swiper-lazy\" data-src=\"https:\/\/scontent-fra5-1.cdninstagram.com\/v\/t51.82787-15\/661498271_18066491402659643_156691494882208407_n.jpg?stp=dst-jpg_e35_tt6&#038;_nc_cat=100&#038;ccb=7-5&#038;_nc_sid=18de74&#038;efg=eyJlZmdfdGFnIjoiQ0FST1VTRUxfSVRFTS5iZXN0X2ltYWdlX3VybGdlbi5DMyJ9&#038;_nc_ohc=Khrt5XV-9QoQ7kNvwEKJpOV&#038;_nc_oc=AdpWIr6LV-UYEThAhfpOA1F10YjDm-I3r4SJOX8iD17FX5Gdx8i3ckoRnamETpTStWHUVARbooOf06eEQ_8e44k7&#038;_nc_zt=23&#038;_nc_ht=scontent-fra5-1.cdninstagram.com&#038;edm=ANo9K5cEAAAA&#038;_nc_gid=blT_y2bS5UO599N0eLqYDw&#038;_nc_tpa=Q5bMBQHbwuysR2NyoZGFR8gGwaEd8du0b1snaCtwXE6RHwV9lO-vervxz0EdZYoJy7mLDDqLvOO9BRf3&#038;oh=00_Af2ltly0Ql1DypTI9PqLRz7vMO1NGZPXIbBM6UsCMy_vjA&#038;oe=69F79053\" alt=\"Unsere @krv_jugend.1897 war heute bei @aviron_perpignan zu Gast. Merci \u00e0 Phillipe et Daniel f\u00fcr ihre Gastfreundschaft. Lasst die Bilder einfach auf euch wirken \u2600\ufe0f\ud83c\udfde\ufe0f\ud83d\udea3\ud83c\udffb\"\/><div class=\"swiper-lazy-preloader swiper-lazy-preloader-white\"><\/div><\/div><div class=\"swiper-slide wpz-insta-album-image\" data-media-type=\"image\"><img class=\"wpzoom-swiper-image swiper-lazy\" data-src=\"https:\/\/scontent-fra5-1.cdninstagram.com\/v\/t51.82787-15\/658954786_18066491417659643_7721737387162064647_n.jpg?stp=dst-jpg_e35_tt6&#038;_nc_cat=102&#038;ccb=7-5&#038;_nc_sid=18de74&#038;efg=eyJlZmdfdGFnIjoiQ0FST1VTRUxfSVRFTS5iZXN0X2ltYWdlX3VybGdlbi5DMyJ9&#038;_nc_ohc=MV4W6bsxYvwQ7kNvwEYh31O&#038;_nc_oc=Adq21xIl9FQpJw0E6uLihTwaoF2qW3xz-bqFvXJE5bJh5yHK1q9p_DKR9nWfCIps4P2gFRhnAvA2buA38x1NwIrW&#038;_nc_zt=23&#038;_nc_ht=scontent-fra5-1.cdninstagram.com&#038;edm=ANo9K5cEAAAA&#038;_nc_gid=blT_y2bS5UO599N0eLqYDw&#038;_nc_tpa=Q5bMBQFjS9wsqEq_CZ-kroGuwiLX3Vg7Ev6q1hd1X_e5_2pUCy_mawo94Yu0sXkcWD9jF--qXKhfw7-S&#038;oh=00_Af0ql5bnmw4O8P2HClGfsHbQm9wVCb5fZ5svojrqLgNQ_g&#038;oe=69F7A519\" alt=\"Unsere @krv_jugend.1897 war heute bei @aviron_perpignan zu Gast. Merci \u00e0 Phillipe et Daniel f\u00fcr ihre Gastfreundschaft. Lasst die Bilder einfach auf euch wirken \u2600\ufe0f\ud83c\udfde\ufe0f\ud83d\udea3\ud83c\udffb\"\/><div class=\"swiper-lazy-preloader swiper-lazy-preloader-white\"><\/div><\/div><\/div><div class=\"swiper-pagination\"><\/div><div class=\"swiper-button-prev\"><\/div><div class=\"swiper-button-next\"><\/div><\/div><\/div>\n\t\t\t\t\t<div class=\"details-wrapper\">\n\t\t\t\t\t<div class=\"wpz-insta-header\">\n\t\t\t\t\t\t<div class=\"wpz-insta-avatar\">\n\t\t\t\t\t\t\t<img loading=\"lazy\" decoding=\"async\" src=\"https:\/\/krv1897.de\/wp-content\/uploads\/2023\/02\/272921988_119232327288864_5684798976050741297_n-150x150.jpg\" alt=\"@krv1897\" width=\"42\" height=\"42\"\/>\n\t\t\t\t\t\t<\/div>\n\t\t\t\t\t\t<div class=\"wpz-insta-buttons\">\n\t\t\t\t\t\t\t<div class=\"wpz-insta-username\">\n\t\t\t\t\t\t\t\t<a rel=\"noopener\" target=\"_blank\" href=\"https:\/\/instagram.com\/krv1897\">@krv1897<\/a>\n\t\t\t\t\t\t\t<\/div>\n\t\t\t\t\t\t\t<div>&bull;<\/div>\n\t\t\t\t\t\t\t<div class=\"wpz-insta-follow\">\n\t\t\t\t\t\t\t\t<a target=\"_blank\" rel=\"noopener\"\n\t\t\t\t\t\t\t\thref=\"https:\/\/instagram.com\/krv1897?ref=badge\">\n\t\t\t\t\t\t\t\t\tFollow\n\t\t\t\t\t\t\t\t<\/a>\n\t\t\t\t\t\t\t<\/div>\n\t\t\t\t\t\t<\/div>\n\t\t\t\t\t<\/div><div class=\"wpz-insta-caption\">Unsere @krv_jugend.1897 war heute bei @aviron_perpignan zu Gast. Merci \u00e0 Phillipe et Daniel f\u00fcr ihre Gastfreundschaft. Lasst die Bilder einfach auf euch wirken \u2600\ufe0f\ud83c\udfde\ufe0f\ud83d\udea3\ud83c\udffb<\/div><div class=\"wpz-insta-date\">3\u00a0Wochen ago<\/div><div class=\"view-post\">\n\t\t\t\t\t<a href=\"https:\/\/www.instagram.com\/p\/DW2GAInCFgc\/\" target=\"_blank\" rel=\"noopener\"><span class=\"dashicons dashicons-instagram\"><\/span>View on Instagram<\/a>\n\t\t\t\t\t<span class=\"delimiter\">|<\/span>\n\t\t\t\t\t<div class=\"wpz-insta-pagination\">8\/9<\/div>\n\t\t\t\t\t<\/div><\/div><\/div><\/div><div data-uid=\"18457800025101947\" class=\"swiper-slide wpz-insta-lightbox-item\"><div class=\"wpz-insta-lightbox\"><div class=\"image-wrapper\"><img class=\"wpzoom-swiper-image swiper-lazy\" data-src=\"https:\/\/krv1897.de\/wp-content\/uploads\/2023\/02\/660731672_18066368366659643_9135489527788503024_n.jpg\" alt=\"Tag ohne Sport? Marche pas!\"\/><div class=\"swiper-lazy-preloader swiper-lazy-preloader-white\"><\/div><\/div>\n\t\t\t\t\t<div class=\"details-wrapper\">\n\t\t\t\t\t<div class=\"wpz-insta-header\">\n\t\t\t\t\t\t<div class=\"wpz-insta-avatar\">\n\t\t\t\t\t\t\t<img loading=\"lazy\" decoding=\"async\" src=\"https:\/\/krv1897.de\/wp-content\/uploads\/2023\/02\/272921988_119232327288864_5684798976050741297_n-150x150.jpg\" alt=\"@krv1897\" width=\"42\" height=\"42\"\/>\n\t\t\t\t\t\t<\/div>\n\t\t\t\t\t\t<div class=\"wpz-insta-buttons\">\n\t\t\t\t\t\t\t<div class=\"wpz-insta-username\">\n\t\t\t\t\t\t\t\t<a rel=\"noopener\" target=\"_blank\" href=\"https:\/\/instagram.com\/krv1897\">@krv1897<\/a>\n\t\t\t\t\t\t\t<\/div>\n\t\t\t\t\t\t\t<div>&bull;<\/div>\n\t\t\t\t\t\t\t<div class=\"wpz-insta-follow\">\n\t\t\t\t\t\t\t\t<a target=\"_blank\" rel=\"noopener\"\n\t\t\t\t\t\t\t\thref=\"https:\/\/instagram.com\/krv1897?ref=badge\">\n\t\t\t\t\t\t\t\t\tFollow\n\t\t\t\t\t\t\t\t<\/a>\n\t\t\t\t\t\t\t<\/div>\n\t\t\t\t\t\t<\/div>\n\t\t\t\t\t<\/div><div class=\"wpz-insta-caption\">Tag ohne Sport? Marche pas!<\/div><div class=\"wpz-insta-date\">3\u00a0Wochen ago<\/div><div class=\"view-post\">\n\t\t\t\t\t<a href=\"https:\/\/www.instagram.com\/p\/DWzP4zMiK0P\/\" target=\"_blank\" rel=\"noopener\"><span class=\"dashicons dashicons-instagram\"><\/span>View on Instagram<\/a>\n\t\t\t\t\t<span class=\"delimiter\">|<\/span>\n\t\t\t\t\t<div class=\"wpz-insta-pagination\">9\/9<\/div>\n\t\t\t\t\t<\/div><\/div><\/div><\/div><\/div><div class=\"swiper-button-prev\"><\/div><div class=\"swiper-button-next\"><\/div><\/div><\/div><\/div>\n","protected":false},"excerpt":{"rendered":"<p>Wettervorhersage und Pegelst\u00e4nde Liebe Freunde des Kitzinger Rudervereins von 1897, am 28. Mai 1897 begr\u00fcndeten sechs Rudersport-Enthusiasten in Kitzingen eine schon \u00fcber 125 Jahre fortdauernde Erfolgsgeschichte: den Kitzinger Ruderverein von &hellip; <\/p>\n<p class=\"link-more\"><a href=\"https:\/\/krv1897.de\/\" class=\"more-link\">Mehr <span class=\"screen-reader-text\">\u00fcber &#8222;Liebe Freunde des KRV&#8220; <\/span>Lesen<\/a><\/p>\n","protected":false},"author":1,"featured_media":0,"parent":0,"menu_order":0,"comment_status":"closed","ping_status":"closed","template":"page-templates\/full-width-transparent.php","meta":{"give_campaign_id":0,"_EventAllDay":false,"_EventTimezone":"","_EventStartDate":"","_EventEndDate":"","_EventStartDateUTC":"","_EventEndDateUTC":"","_EventShowMap":false,"_EventShowMapLink":false,"_EventURL":"","_EventCost":"","_EventCostDescription":"","_EventCurrencySymbol":"","_EventCurrencyCode":"","_EventCurrencyPosition":"","_EventDateTimeSeparator":"","_EventTimeRangeSeparator":"","_EventOrganizerID":[],"_EventVenueID":[],"_OrganizerEmail":"","_OrganizerPhone":"","_OrganizerWebsite":"","_VenueAddress":"","_VenueCity":"","_VenueCountry":"","_VenueProvince":"","_VenueState":"","_VenueZip":"","_VenuePhone":"","_VenueURL":"","_VenueStateProvince":"","_VenueLat":"","_VenueLng":"","_VenueShowMap":false,"_VenueShowMapLink":false,"inspiro_hide_title":false,"footnotes":""},"class_list":["post-65","page","type-page","status-publish","hentry"],"campaignId":"","_links":{"self":[{"href":"https:\/\/krv1897.de\/index.php?rest_route=\/wp\/v2\/pages\/65","targetHints":{"allow":["GET"]}}],"collection":[{"href":"https:\/\/krv1897.de\/index.php?rest_route=\/wp\/v2\/pages"}],"about":[{"href":"https:\/\/krv1897.de\/index.php?rest_route=\/wp\/v2\/types\/page"}],"author":[{"embeddable":true,"href":"https:\/\/krv1897.de\/index.php?rest_route=\/wp\/v2\/users\/1"}],"replies":[{"embeddable":true,"href":"https:\/\/krv1897.de\/index.php?rest_route=%2Fwp%2Fv2%2Fcomments&post=65"}],"version-history":[{"count":67,"href":"https:\/\/krv1897.de\/index.php?rest_route=\/wp\/v2\/pages\/65\/revisions"}],"predecessor-version":[{"id":1788,"href":"https:\/\/krv1897.de\/index.php?rest_route=\/wp\/v2\/pages\/65\/revisions\/1788"}],"wp:attachment":[{"href":"https:\/\/krv1897.de\/index.php?rest_route=%2Fwp%2Fv2%2Fmedia&parent=65"}],"curies":[{"name":"wp","href":"https:\/\/api.w.org\/{rel}","templated":true}]}}